{"id":3186,"date":"2024-12-15T09:36:57","date_gmt":"2024-12-15T09:36:57","guid":{"rendered":"https:\/\/anthroposophie-bayreuth.de\/?page_id=3186"},"modified":"2025-07-20T12:23:37","modified_gmt":"2025-07-20T12:23:37","slug":"januar-august-2025","status":"publish","type":"page","link":"https:\/\/anthroposophie-bayreuth.de\/?page_id=3186","title":{"rendered":"Januar \u2013 August 2025"},"content":{"rendered":"<p>[et_pb_section fb_built=&#8220;1&#8243; _builder_version=&#8220;4.16&#8243; custom_margin=&#8220;0px||0px|&#8220; custom_padding=&#8220;0px||0px|&#8220; global_colors_info=&#8220;{}&#8220;][et_pb_row _builder_version=&#8220;4.16&#8243; custom_margin=&#8220;0px|||&#8220; custom_padding=&#8220;0px|||&#8220; global_colors_info=&#8220;{}&#8220;][et_pb_column type=&#8220;4_4&#8243; _builder_version=&#8220;4.16&#8243; custom_padding=&#8220;|||&#8220; global_colors_info=&#8220;{}&#8220; custom_padding__hover=&#8220;|||&#8220;][et_pb_divider show_divider=&#8220;off&#8220; _builder_version=&#8220;4.16&#8243; height=&#8220;4px&#8220; global_colors_info=&#8220;{}&#8220;][\/et_pb_divider][\/et_pb_column][\/et_pb_row][\/et_pb_section][et_pb_section fb_built=&#8220;1&#8243; _builder_version=&#8220;4.16&#8243; custom_margin=&#8220;||0px|&#8220; custom_padding=&#8220;41px||0px||false|false&#8220; global_colors_info=&#8220;{}&#8220;][et_pb_row _builder_version=&#8220;4.16&#8243; custom_margin=&#8220;||0px|&#8220; custom_padding=&#8220;||0px|&#8220; global_colors_info=&#8220;{}&#8220;][et_pb_column type=&#8220;4_4&#8243; _builder_version=&#8220;4.16&#8243; custom_padding=&#8220;|||&#8220; global_colors_info=&#8220;{}&#8220; custom_padding__hover=&#8220;|||&#8220;][et_pb_text _builder_version=&#8220;4.23.1&#8243; custom_margin=&#8220;0px||0px|&#8220; custom_padding=&#8220;0px||0px|&#8220; global_colors_info=&#8220;{}&#8220;]<\/p>\n<h4><strong>Veranstaltungen im 1. Halbjahr 2025<br \/>\n<\/strong><\/h4>\n<p>[\/et_pb_text][\/et_pb_column][\/et_pb_row][\/et_pb_section][et_pb_section fb_built=&#8220;1&#8243; fullwidth=&#8220;on&#8220; _builder_version=&#8220;4.16&#8243; global_colors_info=&#8220;{}&#8220;][et_pb_fullwidth_menu menu_id=&#8220;20&#8243; submenu_direction=&#8220;downwards&#8220; fullwidth_menu=&#8220;off&#8220; active_link_color=&#8220;#0c71c3&#8243; admin_label=&#8220;Vollbreites Men\u00fc&#8220; _builder_version=&#8220;4.27.4&#8243; menu_font=&#8220;|700|||||||&#8220; menu_text_color=&#8220;#0c71c3&#8243; global_colors_info=&#8220;{}&#8220;][\/et_pb_fullwidth_menu][\/et_pb_section][et_pb_section fb_built=&#8220;1&#8243; _builder_version=&#8220;4.16&#8243; custom_padding=&#8220;1px|0px|105px|0px|false|false&#8220; global_colors_info=&#8220;{}&#8220;][et_pb_row _builder_version=&#8220;4.16&#8243; background_size=&#8220;initial&#8220; background_position=&#8220;top_left&#8220; background_repeat=&#8220;repeat&#8220; global_colors_info=&#8220;{}&#8220;][et_pb_column type=&#8220;4_4&#8243; _builder_version=&#8220;4.16&#8243; custom_padding=&#8220;|||&#8220; global_colors_info=&#8220;{}&#8220; custom_padding__hover=&#8220;|||&#8220;][et_pb_text admin_label=&#8220;Text&#8220; module_id=&#8220;jugendtagung2020&#8243; _builder_version=&#8220;4.27.4&#8243; text_text_color=&#8220;#003399&#8243; border_color_all=&#8220;rgba(89,89,89,0.41)&#8220; global_colors_info=&#8220;{}&#8220;]<\/p>\n<p>&nbsp;<\/p>\n<hr \/>\n<p>&nbsp;<\/p>\n<p><span style=\"color: #003399;\"><strong>Mitgliederarbeit<\/strong><\/span><\/p>\n<p>Jeweils montags, 19.30 Uhr, Beginn: 13. Januar 2025<\/p>\n<p><b>Wie erlangt man Erkenntnisse <\/b><b>h\u00f6herer Welten (GA 10)<\/b><\/p>\n<p>Leitung: Sylvia Raab<\/p>\n<p>Neue Teilnehmer sind herzlich willkommen!<\/p>\n<p>&nbsp;<\/p>\n<p><a href=\"https:\/\/anthroposophie-bayreuth.de\/?page_id=434\"><span style=\"color: #003399;\">N\u00e4heres siehe Mitgliederarbeit und Mitgliedschaft<\/span><\/a><\/p>\n<p>&nbsp;<\/p>\n<hr \/>\n<p>&nbsp;<\/p>\n<p><span style=\"color: #003399;\"><strong>Hochschularbeit Bayreuth<br \/><\/strong><\/span><\/p>\n<p><b>Die 5. Wiederholungsstunde<\/b><\/p>\n<p>Sonntag, 2. Februar 2025, 10.00 Uhr<\/p>\n<p>&nbsp;<\/p>\n<p><b>Die 6. und 7. Wiederholungsstunde<\/b><\/p>\n<p>Sonntag, 9. M\u00e4rz 2025, 10.00 \u2013 12.00 Uhr <span style=\"color: #c70000;\">(Termin entf\u00e4llt \u2013 neuer Termin wird bekanntgegeben)<\/span><\/p>\n<p>&nbsp;<\/p>\n<p><b>Fortfolgend Einzelstunden, <\/b><b>gehalten durch Rudolf Steiner<\/b><\/p>\n<p>Termine nach Vereinbarung, s. Webseite<\/p>\n<p>Leitung: Christa Pfannm\u00fcller<\/p>\n<p>&nbsp;<\/p>\n<hr \/>\n<p>&nbsp;<\/p>\n<p><span style=\"color: #003399;\"><strong>Literaturkreis<\/strong><\/span><\/p>\n<p>Dienstags: <strong>Beginn 19.00 Uhr.<\/strong> (Jeder 1. Dienstag im Monat, bis zur Beendigung des M\u00e4rchens)<\/p>\n<p>Beginn: 07. Januar 2025<\/p>\n<p><b>\u201eDas M\u00e4rchen\u201c \u2013 <\/b>von der gru\u0308nen Schlange und der sch\u00f6nen Lilie<\/p>\n<p>Johann Wolfgang v. Goethe aus dem Novellenzyklus \u201eUnterhaltungen deutscher Ausgewanderter\u201c<\/p>\n<p><strong>weitere Termine:<\/strong><\/p>\n<p>Dienstag, der 28. Januar <span style=\"color: #d20000;\">(Termin entf\u00e4llt)<\/span><br \/>Dienstag, der 25. Februar<br \/>Dienstag, der 25. M\u00e4rz<span style=\"color: #d20000;\"> (Termin entf\u00e4llt)<\/span><\/p>\n<p><strong>Neue Termine folgen in K\u00fcrze<\/strong><\/p>\n<p><strong>Beginn jeweils um 19.00 Uhr.<br \/><\/strong><\/p>\n<p>Leitung: Christa Pfannm\u00fcller<\/p>\n<p>&nbsp;<\/p>\n<hr \/>\n<p>&nbsp;<\/p>\n<p><span style=\"color: #003399;\"><strong>Medizinisch-Pharmazeutische Arbeitsgruppe f\u00fcr \u00c4rzte und Pharmazeuten<\/strong><\/span><\/p>\n<p>Interessierte \u00c4rzte und Pharmazeuten sind herzlich willkommen!<\/p>\n<p>Freitags, 20.00 Uhr, 1x monatlich, Termine: s. Webseite<\/p>\n<p>Textgrundlage: <b>Der Osterkurs <\/b><\/p>\n<p>Aus: Meditative Betrachtungen und Anleitungen zur Vertiefung der Heilkunst (GA 316)<\/p>\n<p>&nbsp;<\/p>\n<p><b>Medizinisch-Pharmazeutische Arbeitsgruppe <\/b><b>anl\u00e4\u00dflich<\/b><b> des Medizinischen Wochenendes <\/b><\/p>\n<p>Textarbeit in Zusammenarbeit mit Dr. Andreas Goyert<\/p>\n<p>Samstag, 24. Mai 2025, 14.00 Uhr<\/p>\n<p><span style=\"color: #003399;\">Anmeldung unter Tel.: 0921\/5167018. <\/span><span style=\"color: #003399;\">N\u00e4heres siehe <a style=\"color: #003399;\" href=\"https:\/\/anthroposophie-bayreuth.de\/?page_id=489\">Medizinische Arbeitsgruppe <\/a><\/span><\/p>\n<p>&nbsp;<\/p>\n<div>Samstag, den 24. Mai, 2024, 14.00 Uhr<\/div>\n<div>\u00a0<\/div>\n<div>\u00d6ffentlicher Vortrag<\/div>\n<div>Im Rahmen der Medizinisch-Pharmazeutische Arbeitsgruppe<\/div>\n<div>\u00a0<\/div>\n<div><b>Betrachtung zum Tagungsthema Sklerose und Entz\u00fcndung &#8211; aus dem Blickwinkel der Herzchirurgie<\/b><\/div>\n<div><b>\u00a0<\/b><\/div>\n<div>Referentin: Prof. Dr. Bettina Pfannm\u00fcller<\/div>\n<div>\u00a0<\/div>\n<div>Gemeinsame Textarbeit an GA 221, Vortrag vom 11.2.1923: Der unsichtbare Mensch in uns. Das der Therapie zugrunde liegende Pathologische.<\/div>\n<div><a href=\"https:\/\/odysseetheater.org\/GA\/Buecher\/GA_221.pdf#view=Fit\">Link:\u00a0https:\/\/odysseetheater.org\/GA\/Buecher\/GA_221.pdf#view=Fit<\/a><\/div>\n<p>&nbsp;<\/p>\n<p>&nbsp;<\/p>\n<p><b>Veranstaltung<\/b><\/p>\n<p>Samstag, 1. Februar 2025, 14.30 Uhr<\/p>\n<p><b>Medizinisch-Pharmazeutische Arbeitsgruppe\u00a0<\/b><b>anl\u00e4\u00dflich<\/b><b>\u00a0des Medizinischen Wochenendes<\/b><\/p>\n<p><strong>Vortrag mit dem Thema \u201eDie Blut- und Lymphbahnen des Menschen\u201c<\/strong><\/p>\n<p>Im Vergleich zu den Blutbahnen steht die Funktion der Lymphe und der Lymphbahnen deutlich weniger im Bewusstsein, obwohl die Lymphe im Organismus eine grosse Rolle spielt. In dem Vortrag werden wir insbesondere die vielf\u00e4ltigen Aufgaben des Lymphsystems und diese in Verbindung mit dem Blutsystem behandeln.<\/p>\n<p>Als Grundlage f\u00fcr den Vortrag wird das Buch \u201eMorphologie des Menschen\u201c von Prof. Dr. Johannes Rohen und der 2. Vortrag aus \u201eEine okkulte Physiologie\u201c.<\/p>\n<p>Referentin: Prof. Dr. Bettina Pfannm\u00fcller<\/p>\n<p><strong>Interessierte an diesem Thema sind herzlich willkommen.<\/strong> N\u00e4heres siehe\u00a0<a href=\"https:\/\/anthroposophie-bayreuth.de\/?page_id=489\">Medizinische Arbeitsgruppe<\/a><\/p>\n<p>&nbsp;<\/p>\n<hr \/>\n<p>&nbsp;<\/p>\n<p><strong>Eurythmiekurse<\/strong><\/p>\n<p>Termin: Dienstag, 08. April 2025<\/p>\n<p><b>K\u00fcnstlerischer Kurs und M\u00f6glichkeit zur Heileurythmie<\/b><strong>, Pirkko Ollilainen, Filderstadt<\/strong><\/p>\n<p>14.00-17.00 Uhr: <b>Heileurythmie <\/b>Anmeldung unter kontakt@anthroposophie-bayreuth.de<\/p>\n<p>19.00 Uhr: <b>K\u00fcnstlerischer Kurs<\/b><\/p>\n<p>Veranstaltungsort: Rudolf Steiner Haus Bayreuth<\/p>\n<p>&nbsp;<\/p>\n<hr \/>\n<p>&nbsp;<\/p>\n<p>Hinweis:<\/p>\n<p><span style=\"color: #003399;\">Alle Veranstaltungen sind \u00f6ffentlich \u2013 soweit nicht anders angegeben \u2013 und finden statt im <strong>Rudolf Steiner Haus<\/strong>, Zeppelinstr. 18, 95444 Bayreuth. Es wird ein Unkostenbeitrag erhoben.<\/span><\/p>\n<p>Aktuelle Termine, Termin\u00e4nderungen und weitere Informationen zur Anthroposophischen Gesellschaft Bayreuth finden Sie hier auf unserer Webseite.<\/p>\n<p>W\u00e4hrend der Schulferien finden keine Veranstaltungen statt.<\/p>\n<p>&nbsp;<\/p>\n<hr \/>\n<h2 id=\"januar\">\u00a0<\/h2>\n<p>&nbsp;<\/p>\n<h2>Januar<\/h2>\n<p>&nbsp;<\/p>\n<p><span style=\"color: #003399;\"><strong>Literaturkreis<\/strong><\/span><\/p>\n<p>Dienstag, 07. Januar 2025<\/p>\n<p><b>\u201eDas M\u00e4rchen\u201c \u2013 <\/b>von der gru\u0308nen Schlange und der sch\u00f6nen Lilie<\/p>\n<p>Johann Wolfgang v. Goethe aus dem Novellenzyklus \u201eUnterhaltungen deutscher Ausgewanderter\u201c<\/p>\n<p>Leitung: Christa Pfannm\u00fcller<\/p>\n<p>&nbsp;<\/p>\n<p>&nbsp;<\/p>\n<p>Montag, 13. Januar 2025, 19.30 Uhr<strong><br \/><\/strong><\/p>\n<p><strong>Mitgliederarbeit<\/strong><\/p>\n<p><strong><b>Textarbeit an:\u00a0<\/b><\/strong><strong>Wie erlangt man Erkenntnisse h\u00f6herer Welten (GA 10), Kapitel: die Einweihung S. 75 bis 89.<\/strong><\/p>\n<p>Leitung: Sylvia Raab<\/p>\n<p>&nbsp;<\/p>\n<p>&nbsp;<\/p>\n<p>Montag, 20. Januar 2025, 19.30 Uhr<strong><br \/><\/strong><\/p>\n<p><strong>Mitgliederarbeit<\/strong><\/p>\n<p><strong><b>Textarbeit an:\u00a0<\/b><\/strong><strong>Wie erlangt man Erkenntnisse h\u00f6herer Welten (GA 10), Kapitel: die Einweihung S. 75 bis 89.<\/strong><\/p>\n<p>Leitung: Sylvia Raab<\/p>\n<p>&nbsp;<\/p>\n<p>&nbsp;<\/p>\n<p>Montag, 27. Januar 2025, 19.30 Uhr<strong><br \/><\/strong><\/p>\n<p><strong>Mitgliederarbeit<\/strong><\/p>\n<p><strong><b>Textarbeit an:\u00a0<\/b><\/strong><strong>Wie erlangt man Erkenntnisse h\u00f6herer Welten (GA 10), Kapitel: die Einweihung S. 75 bis 89.<\/strong><\/p>\n<p>Leitung: Sylvia Raab<\/p>\n<p>&nbsp;<\/p>\n<p>&nbsp;<\/p>\n<p><span style=\"color: #003399;\"><strong>Literaturkreis<\/strong><\/span><\/p>\n<p>Dienstag, 28. Januar 2025\u00a0 <span style=\"color: #c90000;\"><strong>(Termin entf\u00e4llt)<\/strong><\/span><\/p>\n<p><b>\u201eDas M\u00e4rchen\u201c \u2013 <\/b>von der gru\u0308nen Schlange und der sch\u00f6nen Lilie<\/p>\n<p>Johann Wolfgang v. Goethe aus dem Novellenzyklus \u201eUnterhaltungen deutscher Ausgewanderter\u201c<\/p>\n<p>Leitung: Christa Pfannm\u00fcller<\/p>\n<p>&nbsp;<\/p>\n<p>&nbsp;<\/p>\n<p>Freitag, 31. Januar 2025, 14:00 \u2013 17:00 Uhr<\/p>\n<p><strong>Anthroposophische Privatsprechstunde<\/strong><\/p>\n<p>mit Dr. Andreas Goyert, Internist, Filderklinik, Filderstadt<\/p>\n<p>Anmeldung zur Sprechstunde unter Tel.: 0921\/5167019 (Anrufbeantworter mit R\u00fcckruf)<\/p>\n<p>&nbsp;<\/p>\n<p>&nbsp;<\/p>\n<p>Freitag, 31. Januar 2025, 20:00 Uhr, Vortrag<\/p>\n<p><b>\u201eDer Mensch und sein Knochenbau\u201c<\/b><\/p>\n<p>\u00dcber unser Knochensystem sind wir mit der Erde verbunden. Es gibt uns Halt, St\u00fctze und dient als Instrument, auf der Erde zu wirken. Geheimnisvolles dr\u00fcckt sich in ihm aus. Zum einen \u00fcberdauert es den Tod und ist Sinnbild des Todes, zum anderen findet in ihm, in der Blutbildung, ein st\u00e4ndiges erneuerndes Leben statt. Zugleich ist das Skelett auch ein Bild f\u00fcr die Erhebung der mineralischen Erde zur Menschengestalt.<br \/>Mit dem Wesen unseres Knochensystems wollen wir uns unter Einbeziehung der Erkrankungsm\u00f6glichkeiten im Vortrag und Seminar befassen.<\/p>\n<p>Referent: Dr. Andreas Goyert, Internist, Filderklinik, Filderstadt<\/p>\n<p>&nbsp;<\/p>\n<p>&nbsp;<\/p>\n<hr \/>\n<p>&nbsp;<\/p>\n<h2 id=\"februar\">\u00a0<\/h2>\n<p>&nbsp;<\/p>\n<h2>Februar<\/h2>\n<p>&nbsp;<\/p>\n<p>Samstag, 1. Februar 2025, 10.00 Uhr<\/p>\n<p><strong>Seminar zum Thema des Vorabends<\/strong><\/p>\n<p>Referent: Dr. Andreas Goyert, Internist, Filderstadt<\/p>\n<p>&nbsp;<\/p>\n<p>&nbsp;<\/p>\n<p>Samstag, 1. Februar 2025, 14.30 Uhr<\/p>\n<p><b>Medizinisch-Pharmazeutische Arbeitsgruppe <\/b><b>anl\u00e4\u00dflich<\/b><b> des Medizinischen Wochenendes<\/b><\/p>\n<p><strong>Vortrag mit dem Thema \u201eDie Blut- und Lymphbahnen des Menschen\u201c<\/strong><\/p>\n<p>Im Vergleich zu den Blutbahnen steht die Funktion der Lymphe und der Lymphbahnen deutlich weniger im Bewusstsein, obwohl die Lymphe im Organismus eine grosse Rolle spielt. In dem Vortrag werden wir insbesondere die vielf\u00e4ltigen Aufgaben des Lymphsystems und diese in Verbindung mit dem Blutsystem behandeln.<\/p>\n<p>Als Grundlage f\u00fcr den Vortrag wird das Buch \u201eMorphologie des Menschen\u201c von Prof. Dr. Johannes Rohen und der 2. Vortrag aus \u201eEine okkulte Physiologie\u201c.<\/p>\n<p>Referentin: Prof. Dr. Bettina Pfannm\u00fcller<\/p>\n<p><strong>Interessierte an diesem Thema sind herzlich willkommen.<\/strong> N\u00e4heres siehe <a href=\"https:\/\/anthroposophie-bayreuth.de\/?page_id=489\">Medizinische Arbeitsgruppe <\/a><\/p>\n<p>&nbsp;<\/p>\n<p>&nbsp;<\/p>\n<p><span style=\"color: #003399;\"><strong>Hochschularbeit Bayreuth<br \/><\/strong><\/span><\/p>\n<p>Sonntag, 2. Februar 2025, 10.00 Uhr<\/p>\n<p><b>Die 5. Wiederholungsstunde<\/b><\/p>\n<p><b>Fortfolgend Einzelstunden, <\/b><b>gehalten durch Rudolf Steiner<\/b><\/p>\n<p>Termine nach Vereinbarung, s. Webseite<\/p>\n<p>Leitung: Christa Pfannm\u00fcller<\/p>\n<p>&nbsp;<\/p>\n<p>&nbsp;<\/p>\n<p>Montag, 3. Februar 2025, 19.30 Uhr<strong><br \/><\/strong><\/p>\n<p><strong>Mitgliederarbeit<\/strong><\/p>\n<p><strong><b>Textarbeit an:\u00a0<\/b><\/strong><strong>Wie erlangt man Erkenntnisse h\u00f6herer Welten (GA 10), Kapitel: die Einweihung S. 75 bis 89.<\/strong><\/p>\n<p>Leitung: Sylvia Raab<\/p>\n<p>&nbsp;<\/p>\n<p>&nbsp;<\/p>\n<p>Montag, 10. Februar 2025, 19.30 Uhr<strong><br \/><\/strong><\/p>\n<p><strong>Mitgliederarbeit<\/strong><\/p>\n<p><strong><b>Textarbeit an:\u00a0<\/b><\/strong><strong>Wie erlangt man Erkenntnisse h\u00f6herer Welten (GA 10), Kapitel: Praktische Gesichtspunkte S. 76 bis 85.<\/strong><\/p>\n<p>Leitung: Sylvia Raab<\/p>\n<p>&nbsp;<\/p>\n<p>&nbsp;<\/p>\n<p>Montag, 17. Februar 2025, 19.30 Uhr<strong><br \/><\/strong><\/p>\n<p><strong>Mitgliederarbeit<\/strong><\/p>\n<p><strong>Kunstbetrachtung: \u201eAlbrecht D\u00fcrer \u2013 Die vier Apostel\u201c <\/strong><\/p>\n<p>Referentin: Christa Pfannm\u00fcller<\/p>\n<p><a href=\"https:\/\/anthroposophie-bayreuth.de\/wp-content\/uploads\/2025\/02\/Albrecht_Duerer.jpg\"><img loading=\"lazy\" decoding=\"async\" class=\"wp-image-3381 alignnone \" src=\"https:\/\/anthroposophie-bayreuth.de\/wp-content\/uploads\/2025\/02\/Albrecht_Duerer.jpg\" alt=\"\" width=\"358\" height=\"415\" \/><\/a><\/p>\n<p>&nbsp;<\/p>\n<p>\u2013\u2013\u2013\u2013\u2013\u2013\u2013\u2013\u2013\u2013\u2013\u2013\u2013\u2013\u2013\u2013\u2013\u2013\u2013\u2013\u2013\u2013\u2013\u2013\u2013\u2013\u2013\u2013\u2013\u2013\u2013\u2013\u2013\u2013\u2013\u2013\u2013\u2013\u2013\u2013\u2013\u2013\u2013\u2013\u2013\u2013\u2013\u2013\u2013\u2013\u2013\u2013\u2013\u2013\u2013<\/p>\n<p>&nbsp;<\/p>\n<p><strong><b>Textarbeit an:\u00a0<\/b><\/strong><strong>Wie erlangt man Erkenntnisse h\u00f6herer Welten (GA 10), Kapitel: Die Bedingungen zur Geheimschulung.<\/strong><\/p>\n<p>Leitung: Sylvia Raab<\/p>\n<p>&nbsp;<\/p>\n<p>&nbsp;<\/p>\n<p><span style=\"color: #003399;\"><strong>Literaturkreis<\/strong><\/span><\/p>\n<p>Dienstag, 25. Februar 2025, <strong>Beginn 19.00 Uhr.<\/strong><\/p>\n<p><b>\u201eDas M\u00e4rchen\u201c \u2013 <\/b>von der gru\u0308nen Schlange und der sch\u00f6nen Lilie<br \/>Johann Wolfgang v. Goethe aus dem Novellenzyklus \u201eUnterhaltungen deutscher Ausgewanderter\u201c<\/p>\n<p><strong>Schillersche Dramen und V\u00f6lker Europas mit Blick auf Goethes M\u00e4rchen<\/strong><\/p>\n<p>Leitung: Christa Pfannm\u00fcller<\/p>\n<p>&nbsp;<\/p>\n<p>&nbsp;<\/p>\n<p>&nbsp;<\/p>\n<hr \/>\n<h2 id=\"maerz\">\u00a0<\/h2>\n<p>&nbsp;<\/p>\n<h2>M\u00e4rz<\/h2>\n<p>&nbsp;<\/p>\n<p><span style=\"color: #003399;\"><strong>Hochschularbeit Bayreuth<br \/><\/strong><\/span><\/p>\n<p>Sonntag, 9. M\u00e4rz 2025, 10.00 \u2013 12.00 Uhr <span style=\"color: #c70000;\">(Termin entf\u00e4llt \u2013 neuer Termin wird bekanntgegeben)<\/span><\/p>\n<p><b>Die 6. und 7. Wiederholungsstunde<\/b><\/p>\n<p>Leitung: Christa Pfannm\u00fcller<\/p>\n<p>&nbsp;<\/p>\n<p>&nbsp;<\/p>\n<p>Montag, 10. M\u00e4rz 2025, 19.30 Uhr<strong><br \/><\/strong><\/p>\n<p><strong>Mitgliederarbeit<\/strong><\/p>\n<p><strong><b>Textarbeit an:\u00a0<\/b><\/strong><strong>Wie erlangt man Erkenntnisse h\u00f6herer Welten (GA 10)<\/strong><\/p>\n<p>Leitung: Sylvia Raab<\/p>\n<p>&nbsp;<\/p>\n<p>&nbsp;<\/p>\n<p>Montag, 17. M\u00e4rz 2025, 19.30 Uhr<strong><br \/><\/strong><\/p>\n<p><strong>Mitgliederarbeit<\/strong><\/p>\n<p><strong><b>Textarbeit an:\u00a0<\/b><\/strong><strong>Wie erlangt man Erkenntnisse h\u00f6herer Welten (GA 10)<\/strong><\/p>\n<p>Leitung: Sylvia Raab<\/p>\n<p>&nbsp;<\/p>\n<p>&nbsp;<\/p>\n<p>Montag, 24. M\u00e4rz 2025, 19.30 Uhr<strong><br \/><\/strong><\/p>\n<p><strong>Mitgliederarbeit<\/strong><\/p>\n<p><strong><b>Textarbeit an:\u00a0<\/b><\/strong><strong>Wie erlangt man Erkenntnisse h\u00f6herer Welten (GA 10), Kapitel: \u00dcber einige Wirkungen der Einweihung S. 97 bis 133.<\/strong><\/p>\n<p>Leitung: Sylvia Raab<\/p>\n<p>&nbsp;<\/p>\n<p>&nbsp;<\/p>\n<p><strong>25. M\u00e4rz 2025 \u2013 100. Todestag Rudolf Steiners<\/strong><\/p>\n<h4><span style=\"color: #003399;\"><strong>Vorank\u00fcndigung<br \/><\/strong><\/span><\/h4>\n<h3 class=\"p1\"><strong>Zweig- und Hochschultagung<\/strong><\/h3>\n<p class=\"p2\">(nur fu\u0308r Zweig- und Hochschulmitglieder)<\/p>\n<h3 class=\"p3\"><strong>Gedenkfeier zum 100. Todestag Rudolf Steiners<\/strong><\/h3>\n<p class=\"p4\"><b>zur Wu\u0308rdigung der Pers\u00f6nlichkeit und <\/b><b>des Werkes Rudolf Steiners<\/b><\/p>\n<p class=\"p2\">In Zusammenarbeit mit<\/p>\n<p class=\"p2\">Herrn Prof. Dr. Harald Schwaetzer<\/p>\n<h4><span style=\"color: #666699;\"><a style=\"color: #666699;\" href=\"https:\/\/anthroposophie-bayreuth.de\/?page_id=3186\/#gedenkveranstaltung\"><strong><span style=\"color: #808080;\">Siehe Gedenkfeier am 27. April 2025<\/span><\/strong><\/a><\/span><\/h4>\n<p class=\"p2\">Die Einladung an die Zweige und an einzelne Pers\u00f6nlichkeiten erfolgen mit einem extra Flyer<\/p>\n<p><strong>Telefonische Anmeldung aus organisatorischen Gr\u00fcnden erbeten: 0921\/5167019<\/strong> (Anrufbeantworter ohne R\u00fcckruf)<\/p>\n<p>&nbsp;<\/p>\n<p>&nbsp;<\/p>\n<p>&nbsp;<\/p>\n<p>&nbsp;<\/p>\n<p><span style=\"color: #003399;\"><strong>Literaturkreis<\/strong><\/span><\/p>\n<p>Dienstag, 25. M\u00e4rz 2025, <strong>Beginn 19.00 Uhr. <\/strong><span style=\"color: #d20000;\">Termin entf\u00e4llt<\/span><\/p>\n<p><b>\u201eDas M\u00e4rchen\u201c \u2013 <\/b>von der gru\u0308nen Schlange und der sch\u00f6nen Lilie<\/p>\n<p>Johann Wolfgang v. Goethe aus dem Novellenzyklus \u201eUnterhaltungen deutscher Ausgewanderter\u201c<\/p>\n<p>Leitung: Christa Pfannm\u00fcller<\/p>\n<p><strong>Neue Termine folgen in K\u00fcrze<\/strong><\/p>\n<p>&nbsp;<\/p>\n<p>&nbsp;<\/p>\n<p>Montag, 31. M\u00e4rz 2025, 19.30 Uhr<strong><br \/><\/strong><\/p>\n<p><strong>Mitgliederarbeit<\/strong><\/p>\n<p><strong><b>Textarbeit an:\u00a0<\/b><\/strong><strong>Wie erlangt man Erkenntnisse h\u00f6herer Welten (GA 10), Kapitel: \u00dcber einige Wirkungen der Einweihung S. 97 bis 133.<\/strong><\/p>\n<p>Leitung: Sylvia Raab<\/p>\n<p>&nbsp;<\/p>\n<p>&nbsp;<\/p>\n<hr \/>\n<h2 id=\"april\">\u00a0<\/h2>\n<p>&nbsp;<\/p>\n<h2>April<\/h2>\n<p>&nbsp;<\/p>\n<p>Montag, 07. April 2025, 19.30 Uhr<strong><br \/><\/strong><\/p>\n<p><strong>Mitgliederarbeit<\/strong><\/p>\n<p><strong><b>Textarbeit an:\u00a0<\/b><\/strong><strong>Wie erlangt man Erkenntnisse h\u00f6herer Welten (GA 10), Kapitel: \u00dcber einige Wirkungen der Einweihung S. 97 bis 133.<\/strong><\/p>\n<p>Leitung: Sylvia Raab<\/p>\n<p>&nbsp;<\/p>\n<p>&nbsp;<\/p>\n<p><strong>Eurythmiekurs<\/strong><\/p>\n<p>Termin: Dienstag, 08. April 2025<\/p>\n<p><b>K\u00fcnstlerischer Kurs und M\u00f6glichkeit zur Heileurythmie<\/b><strong>, Pirkko Ollilainen, Filderstadt<\/strong><\/p>\n<p>14.00-17.00 Uhr: <b>Heileurythmie <\/b>Anmeldung unter kontakt@anthroposophie-bayreuth.de<\/p>\n<p>19.00 Uhr: <b>K\u00fcnstlerischer Kurs<\/b><\/p>\n<p>Veranstaltungsort: Rudolf Steiner Haus Bayreuth<\/p>\n<p>&nbsp;<\/p>\n<h2 id=\"gedenkveranstaltung\">\u00a0<\/h2>\n<p>&nbsp;<\/p>\n<h3>Gedenkveranstaltung zum 100-j\u00e4hrigen Todestag Rudolf Steiners<\/h3>\n<p>&nbsp;<\/p>\n<p><a href=\"https:\/\/anthroposophie-bayreuth.de\/wp-content\/uploads\/2025\/01\/Flyer_Seite_1.png\"><img loading=\"lazy\" decoding=\"async\" class=\"wp-image-3309 alignnone \" src=\"https:\/\/anthroposophie-bayreuth.de\/wp-content\/uploads\/2025\/01\/Flyer_Seite_1.png\" alt=\"\" width=\"431\" height=\"831\" \/><\/a><\/p>\n<p><a href=\"https:\/\/anthroposophie-bayreuth.de\/wp-content\/uploads\/2025\/01\/Flyer_Seite_2.png\"><img loading=\"lazy\" decoding=\"async\" class=\"wp-image-3315 alignnone \" src=\"https:\/\/anthroposophie-bayreuth.de\/wp-content\/uploads\/2025\/01\/Flyer_Seite_2.png\" alt=\"\" width=\"433\" height=\"618\" \/><\/a><\/p>\n<p><a href=\"https:\/\/anthroposophie-bayreuth.de\/wp-content\/uploads\/2025\/01\/Flyer_Seite_3.png\"><img loading=\"lazy\" decoding=\"async\" class=\"wp-image-3314 alignnone \" src=\"https:\/\/anthroposophie-bayreuth.de\/wp-content\/uploads\/2025\/01\/Flyer_Seite_3.png\" alt=\"\" width=\"432\" height=\"612\" \/><\/a><\/p>\n<p><a href=\"https:\/\/anthroposophie-bayreuth.de\/wp-content\/uploads\/2025\/01\/Flyer_Seite_4.png\"><img loading=\"lazy\" decoding=\"async\" class=\"wp-image-3313 alignnone \" src=\"https:\/\/anthroposophie-bayreuth.de\/wp-content\/uploads\/2025\/01\/Flyer_Seite_4.png\" alt=\"\" width=\"432\" height=\"614\" \/><\/a><\/p>\n<p><strong>Telefonische Anmeldung aus organisatorischen Gr\u00fcnden erbeten: 0921\/5167019<\/strong> (Anrufbeantworter ohne R\u00fcckruf)<\/p>\n<p><a href=\"https:\/\/anthroposophie-bayreuth.de\/wp-content\/uploads\/2025\/01\/Flyer_Gedenkveranstaltung.pdf\">Flyer Download als PDF<\/a><\/p>\n<p>&nbsp;<\/p>\n<p>&nbsp;<\/p>\n<p>Montag, 28. April 2025, 19.30 Uhr<strong><br \/><\/strong><\/p>\n<p><strong>Mitgliederarbeit<\/strong><\/p>\n<p><strong>Textarbeit an:\u00a0Wie erlangt man Erkenntnisse h\u00f6herer Welten (GA 10), Kapitel: \u00dcber einige Wirkungen der Einweihung S. 97 bis 133.<\/strong><\/p>\n<p>Leitung: Sylvia Raab<\/p>\n<p>&nbsp;<\/p>\n<p>&nbsp;<\/p>\n<hr \/>\n<p>&nbsp;<\/p>\n<h2 id=\"mai\">\u00a0<\/h2>\n<h2>Mai<\/h2>\n<p>&nbsp;<\/p>\n<p>Montag, 05. Mai 2025, 19.30 Uhr<strong><br \/><\/strong><\/p>\n<p><strong>Mitgliederarbeit<\/strong><\/p>\n<p><strong>Textarbeit an: Wie erlangt man Erkenntnisse h\u00f6herer Welten (GA 10).<\/strong><\/p>\n<p>Leitung: Sylvia Raab<\/p>\n<p>&nbsp;<\/p>\n<p>&nbsp;<\/p>\n<p>Montag, 12. Mai 2025, 19.30 Uhr<strong><br \/><\/strong><\/p>\n<p><strong>Mitgliederarbeit<\/strong><\/p>\n<p><strong>Textarbeit an: Wie erlangt man Erkenntnisse h\u00f6herer Welten (GA 10).<\/strong><\/p>\n<p>Leitung: Sylvia Raab<\/p>\n<p>&nbsp;<\/p>\n<p>&nbsp;<\/p>\n<p>Montag, 19. Mai 2025, 19.30 Uhr<strong><br \/><\/strong><\/p>\n<p><strong>Mitgliederarbeit<\/strong><\/p>\n<p><strong>Textarbeit an: Wie erlangt man Erkenntnisse h\u00f6herer Welten (GA 10).<\/strong><\/p>\n<p>Leitung: Sylvia Raab<\/p>\n<p>&nbsp;<\/p>\n<p>&nbsp;<\/p>\n<p>Freitag, 23. Mai 2025 von 14:00 \u2013 17:00 Uhr<\/p>\n<p><strong>Anthroposophische Privatsprechstunde<\/strong><\/p>\n<p>mit Dr. Andreas Goyert, Internist, Filderstadt<\/p>\n<p>Anmeldung zur Sprechstunde unter Tel.: 0921\/5167019, (Anrufbeantworter mit R\u00fcckruf)<\/p>\n<p>&nbsp;<\/p>\n<p>&nbsp;<\/p>\n<p>Freitag, 23. Mai 2025, 20.00 Uhr: Vortrag<\/p>\n<p><b>\u201eDie Polarit\u00e4t entz\u00fcndlicher und sklerotischer Krankheitserscheinungen\u201c<\/b><\/p>\n<p>W\u00e4hrend unserem Organismus die F\u00e4higkeit der Entz\u00fcndung prim\u00e4r zum Schutz seiner Integrit\u00e4t und seiner Wiederherstellung bei Verletzung dient, f\u00fchrt der Sklerose-Prozess zur Verh\u00e4rtung der K\u00f6rpergewebe mit daraus folgenden Krankheitserscheinungen.<br \/>Im Vortrag und Seminar wollen wir uns diesem Thema unter den Gesichtspunkten der ganzheitlichen Anthroposophischen Medizin und am Beispiel h\u00e4ufiger Krankheitsbilder, wie z.B. Lungenentz\u00fcndung und Arteriosklerose, widmen.<\/p>\n<p>Referent: Dr. Andreas Goyert, Internist, Filderstadt<\/p>\n<p>&nbsp;<\/p>\n<p>&nbsp;<\/p>\n<p>Samstag 24. Mai 2025, 10:00 \u2013 12:00 Uhr<\/p>\n<p><strong>Seminar zum Thema des Vorabends<\/strong><\/p>\n<p>Referent: Dr. Andreas Goyert, Internist, Filderstadt<\/p>\n<p>&nbsp;<\/p>\n<p>&nbsp;<\/p>\n<div>Samstag, den 24. Mai, 2024, 14.00 Uhr<\/div>\n<div>.<\/div>\n<div>\u00d6ffentlicher Vortrag<\/div>\n<div>Im Rahmen der Medizinisch-Pharmazeutische Arbeitsgruppe<\/div>\n<div>\u00a0<\/div>\n<div><b>Betrachtung zum Tagungsthema Sklerose und Entz\u00fcndung &#8211; aus dem Blickwinkel der Herzchirurgie<\/b><\/div>\n<div><b>\u00a0<\/b><\/div>\n<div>Referentin: Prof. Dr. Bettina Pfannm\u00fcller<\/div>\n<div>\u00a0<\/div>\n<div>Gemeinsame Textarbeit an GA 221, Vortrag vom 11.2.1923: Der unsichtbare Mensch in uns. Das der Therapie zugrunde liegende Pathologische.<\/div>\n<div><a href=\"https:\/\/odysseetheater.org\/GA\/Buecher\/GA_221.pdf#view=Fit\">Link:\u00a0https:\/\/odysseetheater.org\/GA\/Buecher\/GA_221.pdf#view=Fit<\/a><\/div>\n<p>&nbsp;<\/p>\n<p>&nbsp;<\/p>\n<p>&nbsp;<\/p>\n<hr \/>\n<p>&nbsp;<\/p>\n<h2 id=\"juni\">\u00a0<\/h2>\n<h2>Juni<\/h2>\n<p>&nbsp;<\/p>\n<p>Montag, 02. Juni 2025, 19.30 Uhr<strong><br \/><\/strong><\/p>\n<p><strong>Mitgliederarbeit<\/strong><\/p>\n<p><strong>Textarbeit an: Wie erlangt man Erkenntnisse h\u00f6herer Welten (GA 10).<\/strong><\/p>\n<p>Leitung: Sylvia Raab<\/p>\n<p>&nbsp;<\/p>\n<p>&nbsp;<\/p>\n<p>Montag, 23. Juni 2025, 19,30 Uhr<\/p>\n<p><b>G<\/b><b>emeinsame Johannifeier \u2013<\/b><b>\u00a0<\/b><b>Johannifeuer und Bewirtung <\/b><\/p>\n<p>F\u00fcr Zweig- und Hochschulmitglieder<\/p>\n<p>&nbsp;<\/p>\n<p>&nbsp;<\/p>\n<p>Montag, 30. Juni 2025, 19.30 Uhr<strong><br \/><\/strong><\/p>\n<p><strong>Mitgliederarbeit<\/strong><\/p>\n<p><strong>Textarbeit an: Wie erlangt man Erkenntnisse h\u00f6herer Welten (GA 10).<\/strong><\/p>\n<p>Leitung: Sylvia Raab<\/p>\n<p>&nbsp;<\/p>\n<p>&nbsp;<\/p>\n<hr \/>\n<p>&nbsp;<\/p>\n<h2 id=\"juli\">\u00a0<\/h2>\n<h2>Juli<\/h2>\n<p>&nbsp;<\/p>\n<p>Montag, 07. Juli 2025, 19.30 Uhr<strong><br \/><\/strong><\/p>\n<p><strong>Mitgliederarbeit<\/strong><\/p>\n<p><strong>Textarbeit an: Wie erlangt man Erkenntnisse h\u00f6herer Welten (GA 10).<\/strong><\/p>\n<p>Leitung: Sylvia Raab<\/p>\n<p>&nbsp;<\/p>\n<p>&nbsp;<\/p>\n<p>Freitag, 11. Juli 2025, 20 Uhr<\/p>\n<p>Vortrag<\/p>\n<p><b>Dem Wesen der Pflanzen auf der Spur \u2013 wie k\u00f6nnen wir die Heilkr\u00e4fte der Pflanzen aufsp\u00fcren? \u2013 Erl\u00e4uterung anhand des Beispiels der Wegwarte<\/b><\/p>\n<p>Referentin: Sylvia Raab, Apothekerin, Weidenberg<\/p>\n<p>&nbsp;<\/p>\n<p>&nbsp;<\/p>\n<p>Montag, 14. Juli 2025, 19.30 Uhr<strong><br \/><\/strong><\/p>\n<p><strong>Mitgliederarbeit<\/strong><\/p>\n<p><strong>Textarbeit an: Wie erlangt man Erkenntnisse h\u00f6herer Welten (GA 10).<\/strong><\/p>\n<p>Leitung: Sylvia Raab<\/p>\n<p>&nbsp;<\/p>\n<p>&nbsp;<\/p>\n<p>Montag, 21. Juli 2025, 19.30 Uhr<strong><br \/><\/strong><\/p>\n<p><strong>Mitgliederarbeit<\/strong><\/p>\n<p><strong>Textarbeit an: Wie erlangt man Erkenntnisse h\u00f6herer Welten (GA 10).<\/strong><\/p>\n<p>Leitung: Sylvia Raab<\/p>\n<p>&nbsp;<\/p>\n<p>&nbsp;<\/p>\n<hr \/>\n<h2>\u00a0<\/h2>\n<h2><span style=\"color: #ffffff;\">Juli<\/span><\/h2>\n<p>&nbsp;<\/p>\n<p>[\/et_pb_text][\/et_pb_column][\/et_pb_row][\/et_pb_section]<\/p>\n","protected":false},"excerpt":{"rendered":"<p>Veranstaltungen im 1. Halbjahr 2025 &nbsp; &nbsp; Mitgliederarbeit Jeweils montags, 19.30 Uhr, Beginn: 13. Januar 2025 Wie erlangt man Erkenntnisse h\u00f6herer Welten (GA 10) Leitung: Sylvia Raab Neue Teilnehmer sind herzlich willkommen! &nbsp; N\u00e4heres siehe Mitgliederarbeit und Mitgliedschaft &nbsp; &nbsp; Hochschularbeit Bayreuth Die 5. Wiederholungsstunde Sonntag, 2. Februar 2025, 10.00 Uhr &nbsp; Die 6. und [&hellip;]<\/p>\n","protected":false},"author":1,"featured_media":0,"parent":0,"menu_order":0,"comment_status":"closed","ping_status":"closed","template":"","meta":{"_et_pb_use_builder":"on","_et_pb_old_content":"","_et_gb_content_width":"","footnotes":""},"class_list":["post-3186","page","type-page","status-publish","hentry"],"yoast_head":"<!-- This site is optimized with the Yoast SEO plugin v26.6 - https:\/\/yoast.com\/wordpress\/plugins\/seo\/ -->\n<title>Januar \u2013 August 2025 - Anthroposophische Gesellschaft Bayreuth<\/title>\n<meta name=\"robots\" content=\"index, follow, max-snippet:-1, max-image-preview:large, max-video-preview:-1\" \/>\n<link rel=\"canonical\" href=\"https:\/\/anthroposophie-bayreuth.de\/?page_id=3186\" \/>\n<meta property=\"og:locale\" content=\"de_DE\" \/>\n<meta property=\"og:type\" content=\"article\" \/>\n<meta property=\"og:title\" content=\"Januar \u2013 August 2025 - Anthroposophische Gesellschaft Bayreuth\" \/>\n<meta property=\"og:description\" content=\"Veranstaltungen im 1. Halbjahr 2025 &nbsp; &nbsp; Mitgliederarbeit Jeweils montags, 19.30 Uhr, Beginn: 13. Januar 2025 Wie erlangt man Erkenntnisse h\u00f6herer Welten (GA 10) Leitung: Sylvia Raab Neue Teilnehmer sind herzlich willkommen! &nbsp; N\u00e4heres siehe Mitgliederarbeit und Mitgliedschaft &nbsp; &nbsp; Hochschularbeit Bayreuth Die 5. Wiederholungsstunde Sonntag, 2. Februar 2025, 10.00 Uhr &nbsp; Die 6. und [&hellip;]\" \/>\n<meta property=\"og:url\" content=\"https:\/\/anthroposophie-bayreuth.de\/?page_id=3186\" \/>\n<meta property=\"og:site_name\" content=\"Anthroposophische Gesellschaft Bayreuth\" \/>\n<meta property=\"article:modified_time\" content=\"2025-07-20T12:23:37+00:00\" \/>\n<meta property=\"og:image\" content=\"https:\/\/anthroposophie-bayreuth.de\/wp-content\/uploads\/2025\/02\/Albrecht_Duerer.jpg\" \/>\n\t<meta property=\"og:image:width\" content=\"1407\" \/>\n\t<meta property=\"og:image:height\" content=\"1600\" \/>\n\t<meta property=\"og:image:type\" content=\"image\/jpeg\" \/>\n<meta name=\"twitter:card\" content=\"summary_large_image\" \/>\n<meta name=\"twitter:label1\" content=\"Gesch\u00e4tzte Lesezeit\" \/>\n\t<meta name=\"twitter:data1\" content=\"12\u00a0Minuten\" \/>\n<script type=\"application\/ld+json\" class=\"yoast-schema-graph\">{\"@context\":\"https:\/\/schema.org\",\"@graph\":[{\"@type\":\"WebPage\",\"@id\":\"https:\/\/anthroposophie-bayreuth.de\/?page_id=3186\",\"url\":\"https:\/\/anthroposophie-bayreuth.de\/?page_id=3186\",\"name\":\"Januar \u2013 August 2025 - Anthroposophische Gesellschaft Bayreuth\",\"isPartOf\":{\"@id\":\"https:\/\/anthroposophie-bayreuth.de\/#website\"},\"primaryImageOfPage\":{\"@id\":\"https:\/\/anthroposophie-bayreuth.de\/?page_id=3186#primaryimage\"},\"image\":{\"@id\":\"https:\/\/anthroposophie-bayreuth.de\/?page_id=3186#primaryimage\"},\"thumbnailUrl\":\"https:\/\/anthroposophie-bayreuth.de\/wp-content\/uploads\/2025\/02\/Albrecht_Duerer.jpg\",\"datePublished\":\"2024-12-15T09:36:57+00:00\",\"dateModified\":\"2025-07-20T12:23:37+00:00\",\"breadcrumb\":{\"@id\":\"https:\/\/anthroposophie-bayreuth.de\/?page_id=3186#breadcrumb\"},\"inLanguage\":\"de\",\"potentialAction\":[{\"@type\":\"ReadAction\",\"target\":[\"https:\/\/anthroposophie-bayreuth.de\/?page_id=3186\"]}]},{\"@type\":\"ImageObject\",\"inLanguage\":\"de\",\"@id\":\"https:\/\/anthroposophie-bayreuth.de\/?page_id=3186#primaryimage\",\"url\":\"https:\/\/anthroposophie-bayreuth.de\/wp-content\/uploads\/2025\/02\/Albrecht_Duerer.jpg\",\"contentUrl\":\"https:\/\/anthroposophie-bayreuth.de\/wp-content\/uploads\/2025\/02\/Albrecht_Duerer.jpg\"},{\"@type\":\"BreadcrumbList\",\"@id\":\"https:\/\/anthroposophie-bayreuth.de\/?page_id=3186#breadcrumb\",\"itemListElement\":[{\"@type\":\"ListItem\",\"position\":1,\"name\":\"Startseite\",\"item\":\"https:\/\/anthroposophie-bayreuth.de\/\"},{\"@type\":\"ListItem\",\"position\":2,\"name\":\"Januar \u2013 August 2025\"}]},{\"@type\":\"WebSite\",\"@id\":\"https:\/\/anthroposophie-bayreuth.de\/#website\",\"url\":\"https:\/\/anthroposophie-bayreuth.de\/\",\"name\":\"Anthroposophische Gesellschaft Bayreuth\",\"description\":\"Rudolf Steiner Haus\",\"potentialAction\":[{\"@type\":\"SearchAction\",\"target\":{\"@type\":\"EntryPoint\",\"urlTemplate\":\"https:\/\/anthroposophie-bayreuth.de\/?s={search_term_string}\"},\"query-input\":{\"@type\":\"PropertyValueSpecification\",\"valueRequired\":true,\"valueName\":\"search_term_string\"}}],\"inLanguage\":\"de\"}]}<\/script>\n<!-- \/ Yoast SEO plugin. -->","yoast_head_json":{"title":"Januar \u2013 August 2025 - Anthroposophische Gesellschaft Bayreuth","robots":{"index":"index","follow":"follow","max-snippet":"max-snippet:-1","max-image-preview":"max-image-preview:large","max-video-preview":"max-video-preview:-1"},"canonical":"https:\/\/anthroposophie-bayreuth.de\/?page_id=3186","og_locale":"de_DE","og_type":"article","og_title":"Januar \u2013 August 2025 - Anthroposophische Gesellschaft Bayreuth","og_description":"Veranstaltungen im 1. Halbjahr 2025 &nbsp; &nbsp; Mitgliederarbeit Jeweils montags, 19.30 Uhr, Beginn: 13. Januar 2025 Wie erlangt man Erkenntnisse h\u00f6herer Welten (GA 10) Leitung: Sylvia Raab Neue Teilnehmer sind herzlich willkommen! &nbsp; N\u00e4heres siehe Mitgliederarbeit und Mitgliedschaft &nbsp; &nbsp; Hochschularbeit Bayreuth Die 5. Wiederholungsstunde Sonntag, 2. Februar 2025, 10.00 Uhr &nbsp; Die 6. und [&hellip;]","og_url":"https:\/\/anthroposophie-bayreuth.de\/?page_id=3186","og_site_name":"Anthroposophische Gesellschaft Bayreuth","article_modified_time":"2025-07-20T12:23:37+00:00","og_image":[{"width":1407,"height":1600,"url":"https:\/\/anthroposophie-bayreuth.de\/wp-content\/uploads\/2025\/02\/Albrecht_Duerer.jpg","type":"image\/jpeg"}],"twitter_card":"summary_large_image","twitter_misc":{"Gesch\u00e4tzte Lesezeit":"12\u00a0Minuten"},"schema":{"@context":"https:\/\/schema.org","@graph":[{"@type":"WebPage","@id":"https:\/\/anthroposophie-bayreuth.de\/?page_id=3186","url":"https:\/\/anthroposophie-bayreuth.de\/?page_id=3186","name":"Januar \u2013 August 2025 - Anthroposophische Gesellschaft Bayreuth","isPartOf":{"@id":"https:\/\/anthroposophie-bayreuth.de\/#website"},"primaryImageOfPage":{"@id":"https:\/\/anthroposophie-bayreuth.de\/?page_id=3186#primaryimage"},"image":{"@id":"https:\/\/anthroposophie-bayreuth.de\/?page_id=3186#primaryimage"},"thumbnailUrl":"https:\/\/anthroposophie-bayreuth.de\/wp-content\/uploads\/2025\/02\/Albrecht_Duerer.jpg","datePublished":"2024-12-15T09:36:57+00:00","dateModified":"2025-07-20T12:23:37+00:00","breadcrumb":{"@id":"https:\/\/anthroposophie-bayreuth.de\/?page_id=3186#breadcrumb"},"inLanguage":"de","potentialAction":[{"@type":"ReadAction","target":["https:\/\/anthroposophie-bayreuth.de\/?page_id=3186"]}]},{"@type":"ImageObject","inLanguage":"de","@id":"https:\/\/anthroposophie-bayreuth.de\/?page_id=3186#primaryimage","url":"https:\/\/anthroposophie-bayreuth.de\/wp-content\/uploads\/2025\/02\/Albrecht_Duerer.jpg","contentUrl":"https:\/\/anthroposophie-bayreuth.de\/wp-content\/uploads\/2025\/02\/Albrecht_Duerer.jpg"},{"@type":"BreadcrumbList","@id":"https:\/\/anthroposophie-bayreuth.de\/?page_id=3186#breadcrumb","itemListElement":[{"@type":"ListItem","position":1,"name":"Startseite","item":"https:\/\/anthroposophie-bayreuth.de\/"},{"@type":"ListItem","position":2,"name":"Januar \u2013 August 2025"}]},{"@type":"WebSite","@id":"https:\/\/anthroposophie-bayreuth.de\/#website","url":"https:\/\/anthroposophie-bayreuth.de\/","name":"Anthroposophische Gesellschaft Bayreuth","description":"Rudolf Steiner Haus","potentialAction":[{"@type":"SearchAction","target":{"@type":"EntryPoint","urlTemplate":"https:\/\/anthroposophie-bayreuth.de\/?s={search_term_string}"},"query-input":{"@type":"PropertyValueSpecification","valueRequired":true,"valueName":"search_term_string"}}],"inLanguage":"de"}]}},"_links":{"self":[{"href":"https:\/\/anthroposophie-bayreuth.de\/index.php?rest_route=\/wp\/v2\/pages\/3186","targetHints":{"allow":["GET"]}}],"collection":[{"href":"https:\/\/anthroposophie-bayreuth.de\/index.php?rest_route=\/wp\/v2\/pages"}],"about":[{"href":"https:\/\/anthroposophie-bayreuth.de\/index.php?rest_route=\/wp\/v2\/types\/page"}],"author":[{"embeddable":true,"href":"https:\/\/anthroposophie-bayreuth.de\/index.php?rest_route=\/wp\/v2\/users\/1"}],"replies":[{"embeddable":true,"href":"https:\/\/anthroposophie-bayreuth.de\/index.php?rest_route=%2Fwp%2Fv2%2Fcomments&post=3186"}],"version-history":[{"count":122,"href":"https:\/\/anthroposophie-bayreuth.de\/index.php?rest_route=\/wp\/v2\/pages\/3186\/revisions"}],"predecessor-version":[{"id":3534,"href":"https:\/\/anthroposophie-bayreuth.de\/index.php?rest_route=\/wp\/v2\/pages\/3186\/revisions\/3534"}],"wp:attachment":[{"href":"https:\/\/anthroposophie-bayreuth.de\/index.php?rest_route=%2Fwp%2Fv2%2Fmedia&parent=3186"}],"curies":[{"name":"wp","href":"https:\/\/api.w.org\/{rel}","templated":true}]}}