{"id":2235,"date":"2022-08-21T20:01:02","date_gmt":"2022-08-21T20:01:02","guid":{"rendered":"https:\/\/anthroposophie-bayreuth.de\/?page_id=2235"},"modified":"2022-12-04T19:58:14","modified_gmt":"2022-12-04T19:58:14","slug":"september-dezember-2022","status":"publish","type":"page","link":"https:\/\/anthroposophie-bayreuth.de\/?page_id=2235","title":{"rendered":"September \u2013 Dezember 2022"},"content":{"rendered":"<p>[et_pb_section fb_built=&#8220;1&#8243; _builder_version=&#8220;4.16&#8243; custom_margin=&#8220;0px||0px|&#8220; custom_padding=&#8220;0px||0px|&#8220; collapsed=&#8220;off&#8220; global_colors_info=&#8220;{}&#8220;][et_pb_row _builder_version=&#8220;4.16&#8243; custom_margin=&#8220;0px|||&#8220; custom_padding=&#8220;0px|||&#8220; collapsed=&#8220;on&#8220; global_colors_info=&#8220;{}&#8220;][et_pb_column type=&#8220;4_4&#8243; _builder_version=&#8220;4.16&#8243; custom_padding=&#8220;|||&#8220; global_colors_info=&#8220;{}&#8220; custom_padding__hover=&#8220;|||&#8220;][et_pb_divider show_divider=&#8220;off&#8220; _builder_version=&#8220;4.16&#8243; height=&#8220;4px&#8220; global_colors_info=&#8220;{}&#8220;]&nbsp;<br \/>\n[\/et_pb_divider][\/et_pb_column][\/et_pb_row][\/et_pb_section][et_pb_section fb_built=&#8220;1&#8243; _builder_version=&#8220;4.16&#8243; custom_margin=&#8220;||0px|&#8220; custom_padding=&#8220;41px||0px||false|false&#8220; collapsed=&#8220;off&#8220; global_colors_info=&#8220;{}&#8220;][et_pb_row _builder_version=&#8220;4.16&#8243; custom_margin=&#8220;||0px|&#8220; custom_padding=&#8220;31px||0px|||&#8220; collapsed=&#8220;on&#8220; global_colors_info=&#8220;{}&#8220;][et_pb_column type=&#8220;4_4&#8243; _builder_version=&#8220;4.16&#8243; custom_padding=&#8220;|||&#8220; global_colors_info=&#8220;{}&#8220; custom_padding__hover=&#8220;|||&#8220;][et_pb_text _builder_version=&#8220;4.16&#8243; custom_margin=&#8220;0px||0px|&#8220; custom_padding=&#8220;0px||0px|&#8220; global_colors_info=&#8220;{}&#8220;]<\/p>\n<h4><strong>Veranstaltungen im 2. Halbjahr 2022<br \/><\/strong><\/h4>\n<p>[\/et_pb_text][\/et_pb_column][\/et_pb_row][\/et_pb_section][et_pb_section fb_built=&#8220;1&#8243; fullwidth=&#8220;on&#8220; _builder_version=&#8220;4.16&#8243; collapsed=&#8220;off&#8220; global_colors_info=&#8220;{}&#8220;][et_pb_fullwidth_menu menu_id=&#8220;16&#8243; submenu_direction=&#8220;downwards&#8220; fullwidth_menu=&#8220;off&#8220; active_link_color=&#8220;#0c71c3&#8243; _builder_version=&#8220;4.16&#8243; menu_font=&#8220;|700|||||||&#8220; menu_text_color=&#8220;#0c71c3&#8243; global_colors_info=&#8220;{}&#8220;]&nbsp;<br \/>\n[\/et_pb_fullwidth_menu][\/et_pb_section][et_pb_section fb_built=&#8220;1&#8243; _builder_version=&#8220;4.16&#8243; custom_padding=&#8220;1px|0px|105px|0px|false|false&#8220; collapsed=&#8220;off&#8220; global_colors_info=&#8220;{}&#8220;][et_pb_row _builder_version=&#8220;4.18.0&#8243; background_size=&#8220;initial&#8220; background_position=&#8220;top_left&#8220; background_repeat=&#8220;repeat&#8220; width=&#8220;81.7%&#8220; custom_margin=&#8220;|auto||130px|false|false&#8220; custom_padding=&#8220;34px|||||&#8220; collapsed=&#8220;off&#8220; global_colors_info=&#8220;{}&#8220;][et_pb_column type=&#8220;4_4&#8243; _builder_version=&#8220;4.16&#8243; custom_padding=&#8220;|||&#8220; global_colors_info=&#8220;{}&#8220; custom_padding__hover=&#8220;|||&#8220;][et_pb_text admin_label=&#8220;Text&#8220; _builder_version=&#8220;4.18.0&#8243; text_text_color=&#8220;#003399&#8243; text_font_size=&#8220;12px&#8220; custom_margin=&#8220;|||-6px||&#8220; border_color_all=&#8220;rgba(0,0,0,0.52)&#8220; global_colors_info=&#8220;{}&#8220;]<\/p>\n<p><a href=\"https:\/\/anthroposophie-bayreuth.de\/wp-content\/uploads\/2022\/08\/2_Halbjahr_2022-1.jpg\" rel=\"https:\/\/anthroposophie-bayreuth.de\/wp-content\/uploads\/2022\/08\/Programm-2-Halbjahr_2022.pdf\">\u00a0\u00a0\u00a0\u00a0<img loading=\"lazy\" decoding=\"async\" class=\"alignnone wp-image-2244\" src=\"https:\/\/anthroposophie-bayreuth.de\/wp-content\/uploads\/2022\/08\/2_Halbjahr_2022-1.jpg\" alt=\"\" width=\"239\" height=\"334\" \/><\/a><\/p>\n<p><a href=\"https:\/\/anthroposophie-bayreuth.de\/wp-content\/uploads\/2022\/08\/Programm-2-Halbjahr_2022.pdf\">Download Programm 2. Halbjahr 2022<\/a><\/p>\n<hr \/>\n<p>&nbsp;<\/p>\n<p><strong>Zweigabend<\/strong><br \/>jeweils montags: 19.30 Uhr<br \/>(nicht in den bayerischen Schulferien)<br \/><strong>Beginn: 19. September 2022<\/strong><\/p>\n<p><strong><b>Theosophie <\/b><\/strong>(GA 10)<\/p>\n<p>Leitung: Sylvia Raab<\/p>\n<p>&nbsp;<\/p>\n<hr \/>\n<p>&nbsp;<\/p>\n<p><strong>Hochschularbeit (nur f\u00fcr Klassenmitglieder)<\/strong><br \/>Blaue Karte erforderlich<\/p>\n<p><strong>Lesung der Klassenstunden<\/strong><\/p>\n<p><strong>Samstag, 24. September 2022 <\/strong><\/p>\n<p>11.15 &#8211; 12.30 Uhr, Frei gehaltene Klassenstunde: <strong>10. Klassenstunde<\/strong><\/p>\n<p>Prof. Dr. Harald Schwaetzer, Professor\u00a0f\u00fcr Philosophie an der Hochschule Biberach; Wissenschaftliche Leitung der Kueser Akademie f\u00fcr Europ\u00e4ische Geistesgeschichte<\/p>\n<p><strong>Samstag, 15. Oktober 2022 <\/strong><br \/>17.00 Uhr: Einf\u00fchrung zur 11. Klassenstunde<br \/>17.15 Uhr: Lesung der 11. Klassenstunde<\/p>\n<p><strong>Samstag. 26. November 2022 <\/strong><br \/>16.30 Uhr: Einf\u00fchrung zur 12. Klassenstunde<br \/>und Lesung der 12. Klassenstunde<\/p>\n<p><strong>Sonntag, 11. Dezember 2022<\/strong><br \/>17.00 \u2013 18.00 Uhr: Vortrag &#8211; Thema Imagination<br \/>nur f\u00fcr Hochschulmitglieder<br \/>\u2013 Pause \u2013<br \/>18.15- 19.00 Uhr: Lesung der 13. Klassenstunde<\/p>\n<p>Leitung: Christa Pfannm\u00fcller<\/p>\n<p>&nbsp;<\/p>\n<p>&nbsp;<\/p>\n<hr \/>\n<p>&nbsp;<\/p>\n<p><strong>Medizinisch-Pharmazeutische Arbeitsgruppe f\u00fcr \u00c4rzte und Pharmazeuten<\/strong><br \/>Beginn: 15. Oktober 2022<\/p>\n<p>Arbeit an<br \/><strong>Geisteswissenschaft und Medizin<\/strong><br \/>(GA 312, ab 7. Vortrag)<br \/>Ansprechpartnerin: PD Dr. Bettina Pfannm\u00fcller<\/p>\n<p>Termine:<br \/><strong>Samstag, 15. Oktober 2022, <\/strong>14.00 Uhr<\/p>\n<p>Im Rahmen des medizinischen Wochenendes mit Dr. Andreas Goyert 25.\/26. November 2022<\/p>\n<p><strong>Samstag, 26. November 2022, <\/strong>14.00 \u2013 15.30 Uhr<\/p>\n<p><strong>Freitag, 9. Dezember 2022, <\/strong>20.00 Uhr<\/p>\n<p><strong>Neue Teilnehmer sind herzlich willkommen!<\/strong><br \/>Anmeldung: Tel.: 0921\/5167018<\/p>\n<p>N\u00e4heres siehe <a href=\"https:\/\/anthroposophie-bayreuth.de\/?page_id=489\">Medizinische Arbeitsgruppe <\/a><\/p>\n<p>&nbsp;<\/p>\n<hr \/>\n<p>&nbsp;<\/p>\n<p><strong>Anthroposophische Privatsprechstunde<\/strong><br \/>mit Dr. Andreas Goyert, Internist, Filderklinik, Filderstadt<\/p>\n<p><strong><span style=\"color: #993300;\">Neuer Termin:<\/span> Freitag, 25. November 2022, <\/strong>14 Uhr bis 17 Uhr<\/p>\n<p>Anmeldung zur Sprechstunde unter Tel.: 0921\/5167019<br \/>(Anrufbeantworter mit R\u00fcckruf)<\/p>\n<p>&nbsp;<\/p>\n<hr \/>\n<h2 id=\"september_2019\">\u00a0<\/h2>\n<p>&nbsp;<\/p>\n<p><strong>Veranstaltungen<\/strong><br \/>alle Veranstaltungen sind \u00f6ffentlich und finden statt in der Anthroposophischen Gesellschaft Bayreuth, Rudolf Steiner Haus, Zeppelinstr. 18, 95444 Bayreuth<\/p>\n<p><b>Alle Veranstaltungen finden unter Beachtung der aktuellen Corona-Regeln statt.<\/b><\/p>\n<p>W\u00e4hrend der bayerischen Schulferien finden keine Veranstaltungen statt.<\/p>\n<p>&nbsp;<\/p>\n<hr \/>\n<p>&nbsp;<\/p>\n<h2 id=\"september_2019\">\u00a0<\/h2>\n<p>&nbsp;<\/p>\n<h2>September<\/h2>\n<p>&nbsp;<\/p>\n<p>&nbsp;<\/p>\n<p><strong>Freitag, der 23. September 2022<\/strong><\/p>\n<p>Vortrag um 20:00 Uhr<\/p>\n<p><strong>Bildung im 21. Jahrhundert<\/strong><\/p>\n<p>In den vergangenen 25 Jahren ist nicht nur in Deutschland auf allen biographischen Stufen eine radikale Umwandlung der Bildungskonzepte erfolgt: von der &#8222;Kita&#8220; bis zu Studium und Promotion, von der Lehre bis zur beruflichen Weiterbildung. Der Vortrag konzentriert sich auf Bildungsfragen im Erwachsenenalter. Er wird f\u00fcr die Notwendigkeit einer freien Bildung argumentieren, welche die Urteilskraft des Menschen bef\u00e4higt, sich in den Welten von Leib, Seele und Geist so zu orientieren, dass Fragen nach Gut und B\u00f6se, Leben und Tod, Schicksal und Verantwortung und nach dem menschlichen Wesen gebildet werden k\u00f6nnen.<\/p>\n<p>Referent:\u00a0 Prof. Dr. Harald Schwaetzer<\/p>\n<p>Professor\u00a0f\u00fcr Philosophie an der Hochschule Biberach; Wissenschaftliche Leitung der Kueser Akademie f\u00fcr Europ\u00e4ische Geistesgeschichte<\/p>\n<p>&nbsp;<\/p>\n<p>&nbsp;<\/p>\n<p><strong>Samstag, 24. September 2022<\/strong><\/p>\n<p><strong>Hochschultag zu Michaeli<\/strong><br \/>Herzliche Einladung an Klassenmitglieder!<br \/>Blaue Karte bitte mitbringen<\/p>\n<p>10.00 \u2013 11.00 Uhr, Vortrag:<br \/><strong>Der Zusammenhang von Alanus ab Insulis und Kaiser Julian als historischer Hintergrund f\u00fcr den \u00dcbergang der 9. zur 10. Klassenstunde<\/strong><\/p>\n<p>\u2013 Pause \u2013<\/p>\n<p>11.15 \u2013 12.30 Uhr, Frei gehaltene Klassenstunde:<br \/><strong>10. Klassenstunde<\/strong><br \/>Prof. Dr. Harald Schwaetzer,<br \/>Professor\u00a0f\u00fcr Philosophie an der Hochschule Biberach; Wissenschaftliche Leitung der Kueser Akademie f\u00fcr Europ\u00e4ische Geistesgeschichte<\/p>\n<p>\u2013 Anschlie\u00dfend gemeinsames Mittagessen \u2013<\/p>\n<p>&nbsp;<\/p>\n<p>&nbsp;<\/p>\n<hr \/>\n<p>&nbsp;<\/p>\n<h2 id=\"oktober_2019\">\u00a0<\/h2>\n<p>&nbsp;<\/p>\n<h2>Oktober<\/h2>\n<p>&nbsp;<\/p>\n<h2 id=\"15_Oktober_2022\">\u00a0<\/h2>\n<p>&nbsp;<\/p>\n<p><strong>Freitag, 14. Oktober 2022, <\/strong>14.00 \u2013 17.00 Uhr <span style=\"color: #993300;\">\u2013 Privatsprechstunde entf\u00e4llt, neuer Termin: <strong>25. November 2022<\/strong><br \/><\/span><\/p>\n<p><strong>Anthroposophische Privatsprechstunde<\/strong><\/p>\n<p>mit Dr. Andreas Goyert,<\/p>\n<p>Internist, Filderklinik, Filderstadt<\/p>\n<p>Anmeldung zur Sprechstunde unter Tel.: 0921\/5167019<br \/>(Anrufbeantworter mit R\u00fcckruf)<\/p>\n<p>&nbsp;<\/p>\n<p>&nbsp;<\/p>\n<p><strong>Freitag, 14. Oktober 2022 <\/strong><span style=\"color: #993300;\">\u2013 Veranstaltung entf\u00e4llt, neuer Termin: <strong>25. November 2022<\/strong><\/span><strong><br \/><\/strong><\/p>\n<p>20.00 Uhr, Vortrag:<\/p>\n<p><strong>\u201eDie Mistel \u2013 Mythos und Heilpflanze\u201c<\/strong><\/p>\n<p>In besonderer Weise hat die Mistel schon zur Fr\u00fchzeit die Menschen inspiriert. Da sie die Verwurzelung und Verbindung mit der Erde meidet wurde sie als von den G\u00f6ttern gesandt und mit enormen Heilkr\u00e4ften versorgt angesehen. In der Anthroposophischen Medizin wird die Mistel aufgrund der geisteswissenschaftlichen Forschung Rudolf Steiners als Krebsheilmittel eingesetzt. Auch von Seiten der Naturwissenschaft konnte in ihren Inhaltsstoffen vielfach krebshemmende Wirkungen aufgezeigt werden. Wir wollen im Vortrag die Mistel entsprechend betrachten und im Seminar ihre therapeutische Bedeutung erarbeiten.<\/p>\n<p>Referent:\u00a0 Dr. Andreas Goyert<\/p>\n<p>Internist Filderklinik, Filderstadt<\/p>\n<p>&nbsp;<\/p>\n<p>&nbsp;<\/p>\n<p><strong>Samstag, 15. Oktober 2022 <\/strong><span style=\"color: #993300;\">\u2013 Veranstaltung entf\u00e4llt, neuer Termin: <strong>26. November 2022<\/strong><\/span><\/p>\n<p>10:00 \u2013 12:00 Uhr, Seminar:<\/p>\n<p><strong>\u201eDie Mistel \u2013 Mythos und Heilpflanze\u201c<\/strong><\/p>\n<p>Seminar zum Thema des Vortags<\/p>\n<p>Dr. Andreas Goyert, Filderstadt<\/p>\n<p>Internist Filderklinik, Filderstadt<\/p>\n<p>&nbsp;<\/p>\n<p>&nbsp;<\/p>\n<p><strong>Samstag, 15. Oktober 2022, <\/strong>14.00 Uhr<\/p>\n<p><strong>Medizinisch-Pharmazeutische Arbeitsgruppe f\u00fcr \u00c4rzte und Pharmazeuten<\/strong><\/p>\n<p>Arbeit an GA 312 Geisteswissenschaft und Medizin<\/p>\n<p>Leitung: PD Dr. Bettina Pfannm\u00fcller<br \/>Neue Teilnehmer sind herzlich willkommen!<\/p>\n<p>N\u00e4heres siehe <a href=\"https:\/\/anthroposophie-bayreuth.de\/?page_id=489\">Medizinische Arbeitsgruppe <\/a><\/p>\n<p>&nbsp;<\/p>\n<p>&nbsp;<\/p>\n<p><strong>Samstag, 15. Oktober 2022,<\/strong> 17.00 Uhr<\/p>\n<p><strong>Hochschularbeit Bayreuth<\/strong><\/p>\n<p>(nur f\u00fcr Klassenmitglieder \u2013 blaue Karte erforderlich)<\/p>\n<p><strong>Lesung der Klassenstunden<\/strong><\/p>\n<p>17.00 Uhr: Einf\u00fchrung zur 11. Klassenstunde<\/p>\n<p>17.15 Uhr: Lesung der 11. Klassenstunde<\/p>\n<p>Leitung: Christa Pfannm\u00fcller, Bayreuth<\/p>\n<p>&nbsp;<\/p>\n<p>&nbsp;<\/p>\n<p>&nbsp;<\/p>\n<p>In Zusammenarbeit mit der Universit\u00e4t Bayreuth:<\/p>\n<p>Mitwirkung der Anthroposophischen Gesellschaft an der Veranstaltung<\/p>\n<p><strong>\u201cbayreuther dialoge\u201c <\/strong><\/p>\n<p><strong>29.-30. Oktober 2022 \u2013 Thema: Freiheit<\/strong><\/p>\n<p><a href=\"https:\/\/bayreuther-dialoge.de\">(https:\/\/bayreuther-dialoge.de)<\/a><\/p>\n<p>&nbsp;<\/p>\n<p>&nbsp;<\/p>\n<p>&nbsp;<\/p>\n<hr \/>\n<h2 id=\"november_2019\">\u00a0<\/h2>\n<p>&nbsp;<\/p>\n<p>&nbsp;<\/p>\n<h2>November<\/h2>\n<p>&nbsp;<\/p>\n<p>&nbsp;<\/p>\n<p><strong>Freitag, 11. November 2022<\/strong><\/p>\n<p>Auf Einladung der Anthroposophischen Gesellschaft Bayreuth und der Medizinisch-Pharmazeutischen Arbeitsgruppe Bayreuth<\/p>\n<p>16.00 \u2013 17.00 Uhr: Seminar<\/p>\n<p><strong>Elemente &#8211; Organe<\/strong><\/p>\n<p>\u2013 Pause \u2013<\/p>\n<p>17.15 \u2013 18.00 Uhr: Seminar<\/p>\n<p><strong>Temperamente &#8211; Neurosen<\/strong><\/p>\n<p>\u2013 Abendessen au\u00dfer Haus \u2013<\/p>\n<p>20.00 Uhr: Vortrag<\/p>\n<p><strong>Die menschliche Dreigliederung &#8211;<\/strong><\/p>\n<p><strong>Das Herz als Ich-Organisation<\/strong><\/p>\n<p>Referent: Dr. Andreas Rohen, Facharzt f\u00fcr Psychiatrie und Neurologie, N\u00fcrtingen<\/p>\n<p>&nbsp;<\/p>\n<p>&nbsp;<\/p>\n<p>&nbsp;<\/p>\n<p><strong><span style=\"color: #993300;\">Neuer Termin:<\/span> Freitag, 25. November 2022, <\/strong>14.00 \u2013 17.00 Uhr<\/p>\n<p><strong>Anthroposophische Privatsprechstunde<\/strong><\/p>\n<p>mit Dr. Andreas Goyert,<\/p>\n<p>Internist, Filderklinik, Filderstadt<\/p>\n<p>Anmeldung zur Sprechstunde unter Tel.: 0921\/5167019<br \/>(Anrufbeantworter mit R\u00fcckruf)<\/p>\n<p>&nbsp;<\/p>\n<p>&nbsp;<\/p>\n<p><strong><span style=\"color: #993300;\">Neuer Termin:<\/span> Freitag, 25. November 2022<\/strong><strong><br \/><\/strong><\/p>\n<p>20.00 Uhr, Vortrag:<\/p>\n<p><strong>\u201eDie Mistel \u2013 Mythos und Heilpflanze\u201c<\/strong><\/p>\n<p>In besonderer Weise hat die Mistel schon zur Fr\u00fchzeit die Menschen inspiriert. Da sie die Verwurzelung und Verbindung mit der Erde meidet wurde sie als von den G\u00f6ttern gesandt und mit enormen Heilkr\u00e4ften versorgt angesehen. In der Anthroposophischen Medizin wird die Mistel aufgrund der geisteswissenschaftlichen Forschung Rudolf Steiners als Krebsheilmittel eingesetzt. Auch von Seiten der Naturwissenschaft konnte in ihren Inhaltsstoffen vielfach krebshemmende Wirkungen aufgezeigt werden. Wir wollen im Vortrag die Mistel entsprechend betrachten und im Seminar ihre therapeutische Bedeutung erarbeiten.<\/p>\n<p>Referent:\u00a0 Dr. Andreas Goyert<\/p>\n<p>Internist Filderklinik, Filderstadt<\/p>\n<p>&nbsp;<\/p>\n<p>&nbsp;<\/p>\n<p><strong><span style=\"color: #993300;\">Neuer Termin:<\/span> Samstag, 26. November 2022<\/strong><strong><br \/><\/strong><\/p>\n<p>10:00 \u2013 12:00 Uhr, Seminar:<\/p>\n<p><strong>\u201eDie Mistel \u2013 Mythos und Heilpflanze\u201c<\/strong><\/p>\n<p>Seminar zum Thema des Vortags<\/p>\n<p>Dr. Andreas Goyert, Filderstadt<\/p>\n<p>Internist Filderklinik, Filderstadt<\/p>\n<p>&nbsp;<\/p>\n<p>&nbsp;<\/p>\n<p><strong>Medizinisch-Pharmazeutische Arbeitsgruppe f\u00fcr \u00c4rzte und Pharmazeuten<\/strong><br \/><strong>Samstag, 26. November 2022,<\/strong> 14.00 \u2013 15.30 Uhr<\/p>\n<p>Arbeit an<br \/><strong>Geisteswissenschaft und Medizin<\/strong><br \/>(GA 312, ab 8. Vortrag)<br \/>Ansprechpartnerin: PD Dr. Bettina Pfannm\u00fcller<\/p>\n<p><strong>Neue Teilnehmer sind herzlich willkommen!<\/strong><br \/>Anmeldung: Tel.: 0921\/5167018<\/p>\n<p>N\u00e4heres siehe <a href=\"https:\/\/anthroposophie-bayreuth.de\/?page_id=489\">Medizinische Arbeitsgruppe <\/a><\/p>\n<p>&nbsp;<\/p>\n<p>&nbsp;<\/p>\n<p><strong>Samstag, 26. November 2022,<\/strong> 16:30 Uhr<\/p>\n<p><strong>Hochschularbeit Bayreuth<\/strong><\/p>\n<p>(nur f\u00fcr Klassenmitglieder \u2013 blaue Karte erforderlich)<\/p>\n<p><strong>Lesung der Klassenstunden<\/strong><\/p>\n<p>16.30 Uhr: Einf\u00fchrung zur 12. Klassenstunde und Lesung der 12. Klassenstunde<\/p>\n<p>Leitung: Christa Pfannm\u00fcller, Bayreuth<\/p>\n<p>&nbsp;<\/p>\n<p>&nbsp;<\/p>\n<p>&nbsp;<\/p>\n<p><strong>Interner Vortrag f\u00fcr Mitglieder<\/strong><\/p>\n<p><strong>Montag, 28. November 2022, <\/strong>20.00 Uhr<\/p>\n<p><strong>Methoden und M\u00f6glichkeiten <\/strong><strong>moderner Astrologiesiegel <\/strong><strong>und ihr Auftauchen in K\u00fcnstlerhoroskopen<\/strong><\/p>\n<p>Referent: Georg Fricker,<\/p>\n<p>Anthroposophische Gesellschaft Schweiz<\/p>\n<p>&nbsp;<\/p>\n<hr \/>\n<h2 id=\"dezember_2019\">\u00a0<\/h2>\n<p>&nbsp;<\/p>\n<p>&nbsp;<\/p>\n<h2>Dezember<\/h2>\n<p>&nbsp;<\/p>\n<p><strong>Medizinisch-Pharmazeutische Arbeitsgruppe f\u00fcr \u00c4rzte und Pharmazeuten<\/strong><\/p>\n<p><strong>Freitag, 9. Dezember 2022,<\/strong> 20.00 Uhr<span style=\"color: #a80000;\"> \u2013 Veranstaltung wird verschoben, neuer Termin wird noch bekanntgegeben!<\/span><\/p>\n<p>Arbeit an<br \/><strong>Geisteswissenschaft und Medizin<\/strong><br \/>(GA 312, ab 7. Vortrag)<br \/>Ansprechpartnerin: PD Dr. Bettina Pfannm\u00fcller<\/p>\n<p><strong>Neue Teilnehmer sind herzlich willkommen!<\/strong><br \/>Anmeldung: Tel.: 0921\/5167018<\/p>\n<p>N\u00e4heres siehe <a href=\"https:\/\/anthroposophie-bayreuth.de\/?page_id=489\">Medizinische Arbeitsgruppe <\/a><\/p>\n<p>&nbsp;<\/p>\n<p>&nbsp;<\/p>\n<p><strong>Sonntag, 11. Dezember 2022<\/strong><\/p>\n<p><strong>Hochschularbeit Bayreuth<\/strong><\/p>\n<p>(nur f\u00fcr Klassenmitglieder \u2013 blaue Karte erforderlich)<\/p>\n<p>17.00 \u2013 18.00 Uhr: Vortrag &#8211; Thema Imagination<\/p>\n<p>\u2013 Pause \u2013<\/p>\n<p><strong>Lesung der Klassenstunden<\/strong><\/p>\n<p>18.15 \u2013 19.00 Uhr: Lesung der 13. Klassenstunde<\/p>\n<p>Leitung: Christa Pfannm\u00fcller, Bayreuth<\/p>\n<p>&nbsp;<\/p>\n<p>&nbsp;<\/p>\n<p><strong>Montag, 12. Dezember 2022<\/strong><\/p>\n<p>20.00 Uhr<\/p>\n<p><strong>Kunstbetrachtung zu Weihnachten<\/strong><\/p>\n<p>Referentin: Christa Pfannm\u00fcller<\/p>\n<p>Anthroposophische Gesellschaft Bayreuth<\/p>\n<p>&nbsp;<\/p>\n<p>&nbsp;<\/p>\n<hr \/>\n<p>&nbsp;<\/p>\n<p><a href=\"https:\/\/anthroposophie-bayreuth.de\/wp-content\/uploads\/2022\/08\/2_Halbjahr_2022-1.jpg\" rel=\"https:\/\/anthroposophie-bayreuth.de\/wp-content\/uploads\/2022\/08\/Programm-2-Halbjahr_2022.pdf\"><img loading=\"lazy\" decoding=\"async\" class=\"alignnone wp-image-2244\" src=\"https:\/\/anthroposophie-bayreuth.de\/wp-content\/uploads\/2022\/08\/2_Halbjahr_2022-1.jpg\" alt=\"\" width=\"239\" height=\"334\" \/><\/a><\/p>\n<p><a href=\"https:\/\/anthroposophie-bayreuth.de\/wp-content\/uploads\/2022\/08\/Programm-2-Halbjahr_2022.pdf\" rel=\"attachment wp-att-1925\">Download Programm 2. Halbjahr 2021<\/a><\/p>\n<p>[\/et_pb_text][\/et_pb_column][\/et_pb_row][\/et_pb_section]<\/p>\n","protected":false},"excerpt":{"rendered":"<p>&nbsp; Veranstaltungen im 2. Halbjahr 2022&nbsp; \u00a0\u00a0\u00a0\u00a0 Download Programm 2. Halbjahr 2022 &nbsp; Zweigabendjeweils montags: 19.30 Uhr(nicht in den bayerischen Schulferien)Beginn: 19. September 2022 Theosophie (GA 10) Leitung: Sylvia Raab &nbsp; &nbsp; Hochschularbeit (nur f\u00fcr Klassenmitglieder)Blaue Karte erforderlich Lesung der Klassenstunden Samstag, 24. September 2022 11.15 &#8211; 12.30 Uhr, Frei gehaltene Klassenstunde: 10. Klassenstunde Prof. [&hellip;]<\/p>\n","protected":false},"author":1,"featured_media":0,"parent":0,"menu_order":0,"comment_status":"closed","ping_status":"closed","template":"","meta":{"_et_pb_use_builder":"on","_et_pb_old_content":"","_et_gb_content_width":"","footnotes":""},"class_list":["post-2235","page","type-page","status-publish","hentry"],"yoast_head":"<!-- This site is optimized with the Yoast SEO plugin v26.6 - https:\/\/yoast.com\/wordpress\/plugins\/seo\/ -->\n<title>September \u2013 Dezember 2022 - Anthroposophische Gesellschaft Bayreuth<\/title>\n<meta name=\"robots\" content=\"index, follow, max-snippet:-1, max-image-preview:large, max-video-preview:-1\" \/>\n<link rel=\"canonical\" href=\"https:\/\/anthroposophie-bayreuth.de\/?page_id=2235\" \/>\n<meta property=\"og:locale\" content=\"de_DE\" \/>\n<meta property=\"og:type\" content=\"article\" \/>\n<meta property=\"og:title\" content=\"September \u2013 Dezember 2022 - Anthroposophische Gesellschaft Bayreuth\" \/>\n<meta property=\"og:description\" content=\"&nbsp; Veranstaltungen im 2. Halbjahr 2022&nbsp; \u00a0\u00a0\u00a0\u00a0 Download Programm 2. Halbjahr 2022 &nbsp; Zweigabendjeweils montags: 19.30 Uhr(nicht in den bayerischen Schulferien)Beginn: 19. September 2022 Theosophie (GA 10) Leitung: Sylvia Raab &nbsp; &nbsp; Hochschularbeit (nur f\u00fcr Klassenmitglieder)Blaue Karte erforderlich Lesung der Klassenstunden Samstag, 24. September 2022 11.15 - 12.30 Uhr, Frei gehaltene Klassenstunde: 10. Klassenstunde Prof. [&hellip;]\" \/>\n<meta property=\"og:url\" content=\"https:\/\/anthroposophie-bayreuth.de\/?page_id=2235\" \/>\n<meta property=\"og:site_name\" content=\"Anthroposophische Gesellschaft Bayreuth\" \/>\n<meta property=\"article:modified_time\" content=\"2022-12-04T19:58:14+00:00\" \/>\n<meta property=\"og:image\" content=\"https:\/\/anthroposophie-bayreuth.de\/wp-content\/uploads\/2022\/08\/2_Halbjahr_2022-1.jpg\" \/>\n<meta name=\"twitter:card\" content=\"summary_large_image\" \/>\n<meta name=\"twitter:label1\" content=\"Gesch\u00e4tzte Lesezeit\" \/>\n\t<meta name=\"twitter:data1\" content=\"7\u00a0Minuten\" \/>\n<script type=\"application\/ld+json\" class=\"yoast-schema-graph\">{\"@context\":\"https:\/\/schema.org\",\"@graph\":[{\"@type\":\"WebPage\",\"@id\":\"https:\/\/anthroposophie-bayreuth.de\/?page_id=2235\",\"url\":\"https:\/\/anthroposophie-bayreuth.de\/?page_id=2235\",\"name\":\"September \u2013 Dezember 2022 - Anthroposophische Gesellschaft Bayreuth\",\"isPartOf\":{\"@id\":\"https:\/\/anthroposophie-bayreuth.de\/#website\"},\"primaryImageOfPage\":{\"@id\":\"https:\/\/anthroposophie-bayreuth.de\/?page_id=2235#primaryimage\"},\"image\":{\"@id\":\"https:\/\/anthroposophie-bayreuth.de\/?page_id=2235#primaryimage\"},\"thumbnailUrl\":\"https:\/\/anthroposophie-bayreuth.de\/wp-content\/uploads\/2022\/08\/2_Halbjahr_2022-1.jpg\",\"datePublished\":\"2022-08-21T20:01:02+00:00\",\"dateModified\":\"2022-12-04T19:58:14+00:00\",\"breadcrumb\":{\"@id\":\"https:\/\/anthroposophie-bayreuth.de\/?page_id=2235#breadcrumb\"},\"inLanguage\":\"de\",\"potentialAction\":[{\"@type\":\"ReadAction\",\"target\":[\"https:\/\/anthroposophie-bayreuth.de\/?page_id=2235\"]}]},{\"@type\":\"ImageObject\",\"inLanguage\":\"de\",\"@id\":\"https:\/\/anthroposophie-bayreuth.de\/?page_id=2235#primaryimage\",\"url\":\"https:\/\/anthroposophie-bayreuth.de\/wp-content\/uploads\/2022\/08\/2_Halbjahr_2022-1.jpg\",\"contentUrl\":\"https:\/\/anthroposophie-bayreuth.de\/wp-content\/uploads\/2022\/08\/2_Halbjahr_2022-1.jpg\"},{\"@type\":\"BreadcrumbList\",\"@id\":\"https:\/\/anthroposophie-bayreuth.de\/?page_id=2235#breadcrumb\",\"itemListElement\":[{\"@type\":\"ListItem\",\"position\":1,\"name\":\"Startseite\",\"item\":\"https:\/\/anthroposophie-bayreuth.de\/\"},{\"@type\":\"ListItem\",\"position\":2,\"name\":\"September \u2013 Dezember 2022\"}]},{\"@type\":\"WebSite\",\"@id\":\"https:\/\/anthroposophie-bayreuth.de\/#website\",\"url\":\"https:\/\/anthroposophie-bayreuth.de\/\",\"name\":\"Anthroposophische Gesellschaft Bayreuth\",\"description\":\"Rudolf Steiner Haus\",\"potentialAction\":[{\"@type\":\"SearchAction\",\"target\":{\"@type\":\"EntryPoint\",\"urlTemplate\":\"https:\/\/anthroposophie-bayreuth.de\/?s={search_term_string}\"},\"query-input\":{\"@type\":\"PropertyValueSpecification\",\"valueRequired\":true,\"valueName\":\"search_term_string\"}}],\"inLanguage\":\"de\"}]}<\/script>\n<!-- \/ Yoast SEO plugin. -->","yoast_head_json":{"title":"September \u2013 Dezember 2022 - Anthroposophische Gesellschaft Bayreuth","robots":{"index":"index","follow":"follow","max-snippet":"max-snippet:-1","max-image-preview":"max-image-preview:large","max-video-preview":"max-video-preview:-1"},"canonical":"https:\/\/anthroposophie-bayreuth.de\/?page_id=2235","og_locale":"de_DE","og_type":"article","og_title":"September \u2013 Dezember 2022 - Anthroposophische Gesellschaft Bayreuth","og_description":"&nbsp; Veranstaltungen im 2. Halbjahr 2022&nbsp; \u00a0\u00a0\u00a0\u00a0 Download Programm 2. Halbjahr 2022 &nbsp; Zweigabendjeweils montags: 19.30 Uhr(nicht in den bayerischen Schulferien)Beginn: 19. September 2022 Theosophie (GA 10) Leitung: Sylvia Raab &nbsp; &nbsp; Hochschularbeit (nur f\u00fcr Klassenmitglieder)Blaue Karte erforderlich Lesung der Klassenstunden Samstag, 24. September 2022 11.15 - 12.30 Uhr, Frei gehaltene Klassenstunde: 10. Klassenstunde Prof. [&hellip;]","og_url":"https:\/\/anthroposophie-bayreuth.de\/?page_id=2235","og_site_name":"Anthroposophische Gesellschaft Bayreuth","article_modified_time":"2022-12-04T19:58:14+00:00","og_image":[{"url":"https:\/\/anthroposophie-bayreuth.de\/wp-content\/uploads\/2022\/08\/2_Halbjahr_2022-1.jpg","type":"","width":"","height":""}],"twitter_card":"summary_large_image","twitter_misc":{"Gesch\u00e4tzte Lesezeit":"7\u00a0Minuten"},"schema":{"@context":"https:\/\/schema.org","@graph":[{"@type":"WebPage","@id":"https:\/\/anthroposophie-bayreuth.de\/?page_id=2235","url":"https:\/\/anthroposophie-bayreuth.de\/?page_id=2235","name":"September \u2013 Dezember 2022 - Anthroposophische Gesellschaft Bayreuth","isPartOf":{"@id":"https:\/\/anthroposophie-bayreuth.de\/#website"},"primaryImageOfPage":{"@id":"https:\/\/anthroposophie-bayreuth.de\/?page_id=2235#primaryimage"},"image":{"@id":"https:\/\/anthroposophie-bayreuth.de\/?page_id=2235#primaryimage"},"thumbnailUrl":"https:\/\/anthroposophie-bayreuth.de\/wp-content\/uploads\/2022\/08\/2_Halbjahr_2022-1.jpg","datePublished":"2022-08-21T20:01:02+00:00","dateModified":"2022-12-04T19:58:14+00:00","breadcrumb":{"@id":"https:\/\/anthroposophie-bayreuth.de\/?page_id=2235#breadcrumb"},"inLanguage":"de","potentialAction":[{"@type":"ReadAction","target":["https:\/\/anthroposophie-bayreuth.de\/?page_id=2235"]}]},{"@type":"ImageObject","inLanguage":"de","@id":"https:\/\/anthroposophie-bayreuth.de\/?page_id=2235#primaryimage","url":"https:\/\/anthroposophie-bayreuth.de\/wp-content\/uploads\/2022\/08\/2_Halbjahr_2022-1.jpg","contentUrl":"https:\/\/anthroposophie-bayreuth.de\/wp-content\/uploads\/2022\/08\/2_Halbjahr_2022-1.jpg"},{"@type":"BreadcrumbList","@id":"https:\/\/anthroposophie-bayreuth.de\/?page_id=2235#breadcrumb","itemListElement":[{"@type":"ListItem","position":1,"name":"Startseite","item":"https:\/\/anthroposophie-bayreuth.de\/"},{"@type":"ListItem","position":2,"name":"September \u2013 Dezember 2022"}]},{"@type":"WebSite","@id":"https:\/\/anthroposophie-bayreuth.de\/#website","url":"https:\/\/anthroposophie-bayreuth.de\/","name":"Anthroposophische Gesellschaft Bayreuth","description":"Rudolf Steiner Haus","potentialAction":[{"@type":"SearchAction","target":{"@type":"EntryPoint","urlTemplate":"https:\/\/anthroposophie-bayreuth.de\/?s={search_term_string}"},"query-input":{"@type":"PropertyValueSpecification","valueRequired":true,"valueName":"search_term_string"}}],"inLanguage":"de"}]}},"_links":{"self":[{"href":"https:\/\/anthroposophie-bayreuth.de\/index.php?rest_route=\/wp\/v2\/pages\/2235","targetHints":{"allow":["GET"]}}],"collection":[{"href":"https:\/\/anthroposophie-bayreuth.de\/index.php?rest_route=\/wp\/v2\/pages"}],"about":[{"href":"https:\/\/anthroposophie-bayreuth.de\/index.php?rest_route=\/wp\/v2\/types\/page"}],"author":[{"embeddable":true,"href":"https:\/\/anthroposophie-bayreuth.de\/index.php?rest_route=\/wp\/v2\/users\/1"}],"replies":[{"embeddable":true,"href":"https:\/\/anthroposophie-bayreuth.de\/index.php?rest_route=%2Fwp%2Fv2%2Fcomments&post=2235"}],"version-history":[{"count":49,"href":"https:\/\/anthroposophie-bayreuth.de\/index.php?rest_route=\/wp\/v2\/pages\/2235\/revisions"}],"predecessor-version":[{"id":2374,"href":"https:\/\/anthroposophie-bayreuth.de\/index.php?rest_route=\/wp\/v2\/pages\/2235\/revisions\/2374"}],"wp:attachment":[{"href":"https:\/\/anthroposophie-bayreuth.de\/index.php?rest_route=%2Fwp%2Fv2%2Fmedia&parent=2235"}],"curies":[{"name":"wp","href":"https:\/\/api.w.org\/{rel}","templated":true}]}}