{"id":1611,"date":"2020-11-08T11:08:24","date_gmt":"2020-11-08T11:08:24","guid":{"rendered":"https:\/\/anthroposophie-bayreuth.de\/?page_id=1611"},"modified":"2021-07-27T07:07:01","modified_gmt":"2021-07-27T07:07:01","slug":"januar-august-2021","status":"publish","type":"page","link":"https:\/\/anthroposophie-bayreuth.de\/?page_id=1611","title":{"rendered":"Januar \u2013 August 2021"},"content":{"rendered":"<p>[et_pb_section fb_built=&#8220;1&#8243; _builder_version=&#8220;3.22&#8243; custom_margin=&#8220;0px||0px|&#8220; custom_padding=&#8220;0px||0px|&#8220;][et_pb_row _builder_version=&#8220;3.25&#8243; custom_margin=&#8220;0px|||&#8220; custom_padding=&#8220;0px|||&#8220;][et_pb_column type=&#8220;4_4&#8243; _builder_version=&#8220;3.25&#8243; custom_padding=&#8220;|||&#8220; custom_padding__hover=&#8220;|||&#8220;][et_pb_divider show_divider=&#8220;off&#8220; _builder_version=&#8220;3.2.2&#8243; height=&#8220;4px&#8220;][\/et_pb_divider][\/et_pb_column][\/et_pb_row][\/et_pb_section][et_pb_section fb_built=&#8220;1&#8243; _builder_version=&#8220;3.22&#8243; custom_margin=&#8220;||0px|&#8220; custom_padding=&#8220;41px||0px||false|false&#8220;][et_pb_row _builder_version=&#8220;3.25&#8243; custom_margin=&#8220;||0px|&#8220; custom_padding=&#8220;||0px|&#8220;][et_pb_column type=&#8220;4_4&#8243; _builder_version=&#8220;3.25&#8243; custom_padding=&#8220;|||&#8220; custom_padding__hover=&#8220;|||&#8220;][et_pb_text _builder_version=&#8220;4.0.10&#8243; custom_margin=&#8220;0px||0px|&#8220; custom_padding=&#8220;0px||0px|&#8220;]<\/p>\n<h4><strong>Veranstaltungen im 1. Halbjahr 2021<br \/><\/strong><\/h4>\n<p>[\/et_pb_text][\/et_pb_column][\/et_pb_row][\/et_pb_section][et_pb_section fb_built=&#8220;1&#8243; fullwidth=&#8220;on&#8220; _builder_version=&#8220;3.22&#8243;][et_pb_fullwidth_menu menu_id=&#8220;13&#8243; submenu_direction=&#8220;downwards&#8220; fullwidth_menu=&#8220;off&#8220; active_link_color=&#8220;#0c71c3&#8243; _builder_version=&#8220;3.18.7&#8243; menu_font=&#8220;|700|||||||&#8220; menu_text_color=&#8220;#0c71c3&#8243;][\/et_pb_fullwidth_menu][\/et_pb_section][et_pb_section fb_built=&#8220;1&#8243; _builder_version=&#8220;3.22&#8243; custom_padding=&#8220;1px|0px|105px|0px|false|false&#8220;][et_pb_row _builder_version=&#8220;3.25&#8243; background_size=&#8220;initial&#8220; background_position=&#8220;top_left&#8220; background_repeat=&#8220;repeat&#8220;][et_pb_column type=&#8220;4_4&#8243; _builder_version=&#8220;3.25&#8243; custom_padding=&#8220;|||&#8220; custom_padding__hover=&#8220;|||&#8220;][et_pb_text module_id=&#8220;jugendtagung2020&#8243; _builder_version=&#8220;4.9.3&#8243; text_text_color=&#8220;#003399&#8243; hover_enabled=&#8220;0&#8243; border_radii=&#8220;on|0px|0px|0px|0px&#8220; sticky_enabled=&#8220;0&#8243;]<\/p>\n<p><strong>Ab einer Inzidenz unter 100 finden Veranstaltungen unter Beachtung der Corona-Regeln statt (Tragen einer FFP2-Maske, Einhaltung der Abstandsregeln und ggf. negativer Test). Ab einer Inzidenz \u00fcber 100 finden weder \u00f6ffentliche noch Mitgliederveranstaltungen statt.<br \/><\/strong><\/p>\n<p>&nbsp;<\/p>\n<hr \/>\n<p>&nbsp;<\/p>\n<p><span style=\"color: #003399;\">montags, 19.30 Uhr, Beginn: 11. Januar 2021<br \/><\/span><\/p>\n<p><span style=\"color: #003399;\"><strong>Mitgliederarbeit<\/strong><\/span><\/p>\n<p><span style=\"color: #003399;\">Ab 7. Juni 2021 wird die Mitgliederarbeit wieder aufgenommen: <\/span><\/p>\n<p><strong>GA 257 Anthroposophische Gemeinschaftsbildung<\/strong><\/p>\n<p><span style=\"color: #003399;\">Leitung: <\/span>Sylvia Raab<\/p>\n<p><span style=\"color: #003399;\">\u00a0<\/span><\/p>\n<p><a href=\"https:\/\/anthroposophie-bayreuth.de\/?page_id=434\"><span style=\"color: #003399;\">N\u00e4heres siehe Mitgliederarbeit und Mitgliedschaft<\/span><\/a><\/p>\n<p>&nbsp;<\/p>\n<hr \/>\n<p>&nbsp;<\/p>\n<p><span style=\"color: #003399;\"><strong>Hochschularbeit Bayreuth<br \/><\/strong><\/span><\/p>\n<p><span style=\"color: #003399;\"><strong>Lesung der Klassenstunden<\/strong><\/span><\/p>\n<p><span style=\"color: #003399;\">sonntags, 17.00 Uhr, 31.1., 28.2., 28.3., 25.4., 16.5., 27.6.2021<\/span><\/p>\n<p>&nbsp;<\/p>\n<p><strong>Hochschulvortrag<\/strong><\/p>\n<p>Samstag, den 13.3.2021, 10.00 Uhr<br \/><strong>Die Rolle der Griechischen Mysterien fu\u0308r<\/strong> <strong>eine zeitgen\u00f6ssische Spiritualit\u00e4t<\/strong><br \/>Prof. Dr. Harald Schwaetzer,<br \/>Philosophisches Seminar der Kueser Akademie fu\u0308r Europ\u00e4ische Geistesgeschichte, Bernkastel-Kues<\/p>\n<p>Herzliche Einladung an alle Hochschulmitglieder im Arbeitszentrum Nu\u0308rnberg; Blaue Karte bitte mitbringen<\/p>\n<p>&nbsp;<\/p>\n<p><span style=\"color: #003399;\"><strong><br \/>Christologische Beitr\u00e4ge zum Weg der Klassenstunden<\/strong><\/span><\/p>\n<p><span style=\"color: #003399;\">Termine werden hier auf unserer Webseite bekanntgegeben. Diese richten sich nach den amtlichen Corona-Ma\u00dfnahmen.<\/span><\/p>\n<p><span style=\"color: #003399;\">Leitung: Christa Pfannm\u00fcller<\/span><\/p>\n<p>&nbsp;<\/p>\n<hr \/>\n<p>&nbsp;<\/p>\n<p><span style=\"color: #003399;\"><strong>Medizinisch-Pharmazeutische Arbeitsgruppe f\u00fcr \u00c4rzte und Pharmazeuten<\/strong><\/span><\/p>\n<p><span style=\"color: #003399;\">Arbeit an<br \/><span class=\"\">Geisteswissenschaft und Medizin (GA312)<\/span><\/span><\/p>\n<p>Termine:<br \/>Samstag, 30.01. 14.00 Uhr sowie 26.02., 26.03., 23.04., 14.05., 25.06. jeweils Freitag 20.00 Uhr<\/p>\n<p><span style=\"color: #003399;\">Neue Teilnehmer sind herzlich willkommen! <\/span><\/p>\n<p><span style=\"color: #003399;\">Anmeldung unter Tel.: 0921\/5167018. <\/span><span style=\"color: #003399;\">N\u00e4heres siehe <a style=\"color: #003399;\" href=\"https:\/\/anthroposophie-bayreuth.de\/?page_id=489\">Medizinische Arbeitsgruppe <\/a><\/span><\/p>\n<p>&nbsp;<\/p>\n<hr \/>\n<p>&nbsp;<\/p>\n<p><span style=\"color: #003399;\"><strong>Neue Teilnehmer zur Erweiterung der Arbeitsgruppen sind herzlich willkommen!<\/strong><\/span><\/p>\n<p><span style=\"color: #003399;\">Anmeldung Tel.: 0921\/5167018<\/span><\/p>\n<p>&nbsp;<\/p>\n<hr \/>\n<p>&nbsp;<\/p>\n<p><strong>Kunstbetrachtungen zu den christlichen Jahresfesten<\/strong><\/p>\n<p>Referentin: Christa Pfannm\u00fcller, Bayreuth<\/p>\n<p>Termine auf Anfrage und unter www.anthroposophie-bayreuth.de<\/p>\n<p>&nbsp;<\/p>\n<hr \/>\n<p>&nbsp;<\/p>\n<p>Hinweis:<\/p>\n<p><span style=\"color: #003399;\">Alle Veranstaltungen sind \u00f6ffentlich \u2013 soweit nicht anders angegeben \u2013 und finden statt im <strong>Rudolf Steiner Haus<\/strong>, Zeppelinstr. 18, 95444 Bayreuth. Es wird ein Unkostenbeitrag erhoben.<\/span><\/p>\n<p>Aktuelle Termine, Termin\u00e4nderungen und weitere Informationen zur Anthroposophischen Gesellschaft Bayreuth finden Sie hier auf unserer Webseite.<\/p>\n<p>W\u00e4hrend der Schulferien finden keine Veranstaltungen statt.<\/p>\n<p>&nbsp;<\/p>\n<hr \/>\n<h2 id=\"januar_2018\">\u00a0<\/h2>\n<p>&nbsp;<\/p>\n<h2>Januar<\/h2>\n<p>&nbsp;<\/p>\n<p><strong>Coronabedingt finden bis auf Weiteres weder \u00f6ffentliche noch Mitgliederveranstaltungen statt.<\/strong><\/p>\n<p>&nbsp;<\/p>\n<p>Freitag, 29. Januar 2021<br \/>14.00 \u2013 17.00 Uhr<\/p>\n<p><strong>Anthroposophische Privatsprechstunde<\/strong><\/p>\n<p>mit Dr. Andreas Goyert, Internist,<br \/>Filderklinik, Filderstadt<\/p>\n<p>Anmeldung zur Sprechstunde unter Tel.: 0921\/5167019 (Anrufbeantworter mit R\u00fcckruf)<\/p>\n<p>&nbsp;<\/p>\n<p>Freitag, 29. Januar 2021<br \/>20.00 Uhr, Vortrag<\/p>\n<p><b>Die Lunge und das Atmungssystem<\/b><\/p>\n<p>Ausgehend von Gesichtspunkten der Anthroposophischen Menschenkunde und Medizin wollen wir die Lunge und das Atmungssystem in Anatomie, Funktion und den h\u00e4ufigsten Erkrankungen betrachten und damit Grundlagen f\u00fcr eine in der Anthroposophischen Medizin\u00a0begr\u00fcndete erweiterte Therapiem\u00f6glichkeit erarbeiten.<\/p>\n<p>Referent: Dr. Andreas Goyert, Internist,<br \/>Filderklinik, Filderstadt<\/p>\n<p>&nbsp;<\/p>\n<p>Samstag, 30. Januar 2021<br \/>10.00 \u2013 12.00 Uhr, Seminar<\/p>\n<p><b>Die Lunge und das Atmungssystem<\/b><\/p>\n<p>Seminar zum Thema vom Vortag<\/p>\n<p>Referent: Dr. Andreas Goyert, Internist,<br \/>Filderklinik, Filderstadt<\/p>\n<p>&nbsp;<\/p>\n<p>Samstag, 30. Januar 2021<br \/>14.00 \u2013 15.30 Uhr<\/p>\n<p><strong>Medizinisch-Pharmazeutische Arbeitsgruppe f\u00fcr \u00c4rzte und Pharmazeuten<\/strong><\/p>\n<p>Arbeit an<br \/>Geisteswissenschaft und Medizin (GA312)<\/p>\n<p>Leitung: PD Dr. Bettina Pfannm\u00fcller<\/p>\n<p>N\u00e4heres siehe <a href=\"https:\/\/anthroposophie-bayreuth.de\/?page_id=489\">Medizinische Arbeitsgruppe <\/a><\/p>\n<p>&nbsp;<\/p>\n<p>&nbsp;<\/p>\n<p>Sonntag, 31. Januar 2021<br \/>17.00 Uhr<\/p>\n<p><strong>Hochschularbeit Bayreuth<br \/><\/strong><\/p>\n<p><strong>Lesung der Klassenstunden<\/strong><\/p>\n<p>&nbsp;<\/p>\n<p>&nbsp;<\/p>\n<p>&nbsp;<\/p>\n<hr \/>\n<h2 id=\"februar_2018\">\u00a0<\/h2>\n<h4 id=\"Jugendtagung2020\">\u00a0<\/h4>\n<h2>Februar<\/h2>\n<p>&nbsp;<\/p>\n<p><strong>Coronabedingt finden bis auf Weiteres weder \u00f6ffentliche noch Mitgliederveranstaltungen statt.<\/strong><\/p>\n<p>&nbsp;<\/p>\n<p>Freitag, 26. Februar 2021<br \/>20.00 Uhr<\/p>\n<p><strong>Medizinisch-Pharmazeutische Arbeitsgruppe f\u00fcr \u00c4rzte und Pharmazeuten<\/strong><\/p>\n<p>Arbeit an<br \/>Geisteswissenschaft und Medizin (GA312)<\/p>\n<p>Anmeldung unter Tel.: 0921\/5167018<\/p>\n<p>N\u00e4heres siehe <a href=\"https:\/\/anthroposophie-bayreuth.de\/?page_id=489\">Medizinische Arbeitsgruppe <\/a><\/p>\n<p>&nbsp;<\/p>\n<p>&nbsp;<\/p>\n<p>Sonntag, 28. Februar 2021<br \/>17.00 Uhr<\/p>\n<p><strong>Hochschularbeit Bayreuth<br \/><\/strong><\/p>\n<p><strong>Lesung der Klassenstunden<\/strong><\/p>\n<p>&nbsp;<\/p>\n<p>&nbsp;<\/p>\n<hr \/>\n<h2 id=\"maerz_2018\">\u00a0<\/h2>\n<p>&nbsp;<\/p>\n<h2>M\u00e4rz<\/h2>\n<p>&nbsp;<\/p>\n<p><strong>Coronabedingt finden bis auf Weiteres weder \u00f6ffentliche noch Mitgliederveranstaltungen statt.<\/strong><\/p>\n<p>&nbsp;<\/p>\n<p>Freitag, 12. M\u00e4rz 2021, 20.00 Uhr<\/p>\n<p><b>Bildung im 21. Jahrhundert<\/b><\/p>\n<p>Die gegenw\u00e4rtige Situation der Menschheit mit ihren Herausforderungen und Krisen hat dazu gef\u00fchrt, unser Zeitalter im Sinne einer geologischen Epoche als \u201eAnthropoz\u00e4n\u201c zu beschreiben: Der Mensch ist der bestimmende Faktor der Erdentwicklung. Diese Bestimmung ber\u00fccksichtigt die materielle und lebendige Seite von Mensch und Erde. Neu zu fragen gilt es deswegen danach, welche Rolle der Seele und dem Geist in der menschlichen Individualit\u00e4t zukommen. Dazu ist nicht nur eine geologische, sondern auch eine kultur- und geisteswissenschaftliche Positionsbestimmung des Menschen mit seiner Biographie, seiner Geschichte und seinem Schicksal in der Gegenwart notwendig. Von diesem Fragehorizont wird der Vortrag eine Skizze eines Bildungsverst\u00e4ndnisses im 21. Jahrhundert entwickeln.<\/p>\n<p>Referent: Prof. Dr. Harald Schwaetzer,<br \/>Philosophisches Seminar der Kueser Akademie fu\u0308r Europ\u00e4ische Geistesgeschichte, Bernkastel-Kues<\/p>\n<p>&nbsp;<\/p>\n<p>&nbsp;<\/p>\n<p><strong>Hochschulvortrag<\/strong><\/p>\n<p>Samstag, 13. M\u00e4rz 2021, 10.00 Uhr<br \/><strong>Die Rolle der Griechischen Mysterien fu\u0308r<\/strong> <strong>eine zeitgen\u00f6ssische Spiritualit\u00e4t<\/strong><br \/>Prof. Dr. Harald Schwaetzer,<br \/>Philosophisches Seminar der Kueser Akademie fu\u0308r Europ\u00e4ische Geistesgeschichte, Bernkastel-Kues<\/p>\n<p><strong>Herzliche Einladung an alle Hochschulmitglieder im Arbeitszentrum Nu\u0308rnberg; Blaue Karte bitte mitbringen<\/strong><\/p>\n<p>&nbsp;<\/p>\n<p>&nbsp;<\/p>\n<p>Montag, 22. M\u00e4rz 2021, <strong>Beginn: 20.00 Uhr<\/strong><\/p>\n<p><strong>Mitgliederarbeit<\/strong><\/p>\n<p><strong>Osterimagination<\/strong><\/p>\n<p>Leitung: Sylvia Raab<\/p>\n<p>&nbsp;<\/p>\n<p>&nbsp;<\/p>\n<p>Freitag, 26. M\u00e4rz 2021<br \/>20.00 Uhr<\/p>\n<p><strong>Medizinisch-Pharmazeutische Arbeitsgruppe f\u00fcr \u00c4rzte und Pharmazeuten<\/strong><\/p>\n<p>Arbeit an<br \/>Geisteswissenschaft und Medizin (GA312)<\/p>\n<p>Leitung: PD Dr. Bettina Pfannm\u00fcller<\/p>\n<p>N\u00e4heres siehe <a href=\"https:\/\/anthroposophie-bayreuth.de\/?page_id=489\">Medizinische Arbeitsgruppe <\/a><\/p>\n<p>&nbsp;<\/p>\n<p>&nbsp;<\/p>\n<p>Sonntag, 28. M\u00e4rz 2021<br \/>17.00 Uhr<\/p>\n<p><strong>Hochschularbeit Bayreuth<br \/><\/strong><\/p>\n<p><strong>Lesung der Klassenstunden<\/strong><\/p>\n<p>&nbsp;<\/p>\n<p>&nbsp;<\/p>\n<hr \/>\n<h2 id=\"april_2018\">\u00a0<\/h2>\n<p>&nbsp;<\/p>\n<h2>April<\/h2>\n<p>&nbsp;<\/p>\n<p><strong>Coronabedingt finden bis auf Weiteres weder \u00f6ffentliche noch Mitgliederveranstaltungen statt.<\/strong><\/p>\n<p>&nbsp;<\/p>\n<p>Freitag, 16. April 2021, 20.00 Uhr, Vortrag<\/p>\n<p><b>Biene \u2013 Mensch \u2013 Natur<\/b><\/p>\n<p>Das Insektensterben ist in aller Munde, aber eigentlich betrifft es die Honigbiene doch gar nicht. Im Gegensatz zu Wildbienen und anderen Insekten wird sie vom Menschen gepflegt, versorgt und gesch\u00fctzt. Nur ab und an muss sie etwas Honig abtreten, daf\u00fcr bekommt sie dann eine Wohnung und Futter f\u00fcr den Winter. Trotzdem steckt die Haltung der Honigbiene in der Krise. Oder vielleicht auch gerade deswegen?<\/p>\n<p>Ein Grund, sich n\u00e4her mit dem Wesen des sogenannten \u201eBien\u201c auseinanderzusetzen: Einen Einblick nehmen in das faszinierende \u201eStaatengebilde\u201c aus Arbeiterinnen, K\u00f6nigin und Drohnen: K\u00f6nigreich oder Demokratie oder doch nur eine Familie?<\/p>\n<p>Referent: Torsten Kerling, Diplom Geograph, Bayreuth<\/p>\n<p>&nbsp;<\/p>\n<p>&nbsp;<\/p>\n<p>Freitag, 23. April 2021<br \/>20.00 Uhr<\/p>\n<p><strong>Medizinisch-Pharmazeutische Arbeitsgruppe f\u00fcr \u00c4rzte und Pharmazeuten<\/strong><\/p>\n<p>Arbeit an<br \/>Geisteswissenschaft und Medizin (GA312)<\/p>\n<p>Leitung: PD Dr. Bettina Pfannm\u00fcller<\/p>\n<p>N\u00e4heres siehe <a href=\"https:\/\/anthroposophie-bayreuth.de\/?page_id=489\">Medizinische Arbeitsgruppe <\/a><\/p>\n<p>&nbsp;<\/p>\n<p>&nbsp;<\/p>\n<p>Sonntag, 25. April 2021<br \/>17.00 Uhr<\/p>\n<p><strong>Hochschularbeit Bayreuth<br \/><\/strong><\/p>\n<p><strong>Lesung der Klassenstunden<\/strong><\/p>\n<p>&nbsp;<\/p>\n<p>&nbsp;<\/p>\n<hr \/>\n<h2 id=\"mai_2018\">\u00a0<\/h2>\n<p>&nbsp;<\/p>\n<h2>Mai<\/h2>\n<p>&nbsp;<\/p>\n<p><strong>Coronabedingt finden bis auf Weiteres weder \u00f6ffentliche noch Mitgliederveranstaltungen statt.<\/strong><\/p>\n<p>&nbsp;<\/p>\n<p>Freitag, 07. Mai 2021<br \/>14.00 \u2013 17.00 Uhr<\/p>\n<p><strong>Anthroposophische Privatsprechstunde<\/strong><\/p>\n<p>mit Dr. Andreas Goyert, Internist,<br \/>Filderklinik, Filderstadt<\/p>\n<p>Anmeldung zur Sprechstunde unter Tel.: 0921\/5167019 (Anrufbeantworter mit R\u00fcckruf)<\/p>\n<p>&nbsp;<\/p>\n<p>Freitag, 07. Mai 2021<br \/>20.00 Uhr, Vortrag<\/p>\n<p><b>Die Lunge und das Atmungssystem<\/b><\/p>\n<p>Ausgehend von Gesichtspunkten der Anthroposophischen Menschenkunde und Medizin wollen wir die Lunge und das Atmungssystem in Anatomie, Funktion und den h\u00e4ufigsten Erkrankungen betrachten und damit Grundlagen f\u00fcr eine in der Anthroposophischen Medizin\u00a0begr\u00fcndete erweiterte Therapiem\u00f6glichkeit erarbeiten.<\/p>\n<p>Referent: Dr. Andreas Goyert, Internist,<br \/>Filderklinik, Filderstadt<\/p>\n<p>&nbsp;<\/p>\n<p>Samstag, 08. Mai 2021<br \/>10.00 \u2013 12.00 Uhr, Seminar<\/p>\n<p><b>Die Lunge und das Atmungssystem<\/b><\/p>\n<p>Seminar zum Thema vom Vortag<\/p>\n<p>Referent: Dr. Andreas Goyert, Internist,<br \/>Filderklinik, Filderstadt<\/p>\n<p>&nbsp;<\/p>\n<p>&nbsp;<\/p>\n<p><strong>Ab einer Inzidenz unter 100 finden Veranstaltungen unter Beachtung der Corona-Regeln statt (Tragen einer FFP2-Maske, Einhaltung der Abstandsregeln und ggf. negativer Test). Ab einer Inzidenz \u00fcber 100 finden weder \u00f6ffentliche noch Mitgliederveranstaltungen statt.<\/strong><\/p>\n<p>&nbsp;<\/p>\n<p>&nbsp;<\/p>\n<p>Freitag, 14. Mai 2021<br \/>20.00 Uhr<\/p>\n<p><strong>Medizinisch-Pharmazeutische Arbeitsgruppe f\u00fcr \u00c4rzte und Pharmazeuten<\/strong><\/p>\n<p>Arbeit an<br \/>Geisteswissenschaft und Medizin (GA312)<\/p>\n<p>Leitung: PD Dr. Bettina Pfannm\u00fcller<\/p>\n<p>N\u00e4heres siehe <a href=\"https:\/\/anthroposophie-bayreuth.de\/?page_id=489\">Medizinische Arbeitsgruppe <\/a><\/p>\n<p>&nbsp;<\/p>\n<p>&nbsp;<\/p>\n<p>Sonntag, 16. Mai 2021<br \/>17.00 Uhr<\/p>\n<p><strong>Hochschularbeit Bayreuth<br \/><\/strong><\/p>\n<p><strong>Lesung der Klassenstunden<\/strong><\/p>\n<p>&nbsp;<\/p>\n<p>&nbsp;<\/p>\n<hr \/>\n<h2 id=\"juni_2018\">\u00a0<\/h2>\n<p>&nbsp;<\/p>\n<h2>Juni<\/h2>\n<p>&nbsp;<\/p>\n<p><strong>Ab einer Inzidenz unter 100 finden Veranstaltungen unter Beachtung der Corona-Regeln statt (Tragen einer FFP2-Maske, Einhaltung der Abstandsregeln und ggf. negativer Test). Ab einer Inzidenz \u00fcber 100 finden weder \u00f6ffentliche noch Mitgliederveranstaltungen statt.<\/strong><\/p>\n<p>&nbsp;<\/p>\n<p>&nbsp;<\/p>\n<p>Montag, 7. Juni 2021, 19.30 Uhr<\/p>\n<p><strong>Mitgliederarbeit <\/strong>(GA 257 Anthroposophische Gemeinschaftsbildung)<\/p>\n<p>Leitung: Sylvia Raab<\/p>\n<p>&nbsp;<\/p>\n<p>&nbsp;<\/p>\n<p>&nbsp;<\/p>\n<p>Donnerstag, 10. Juni 2021<br \/>20.00 Uhr, Vortrag<\/p>\n<p>&nbsp;<\/p>\n<p><b>Wenn die Seele m\u00fcde wird <\/b><b>\u2013 zu Ersch\u00f6pfung, Burnout und Depression<\/b><\/p>\n<p>Referent: Markus Treichler, Psychiater &amp; Psychotherapeut, Stuttgart \u2013 Institut Anthroposophie-basierte Psychotherapie \u00ae Stuttgart; von 1987 bis 2012 Chefarzt der Psychosomatischen Abteilung der Filderklinik bei Stuttgart<\/p>\n<p>M\u00fcdigkeit ist ein allt\u00e4gliches und normales Ph\u00e4nomen das wir alle kennen. Meistens bringt Schlaf unsere Kraft und Lebensfreude wieder. Wenn aber die Seele m\u00fcde wird, reicht der Schlaf nicht mehr aus, uns zu erholen. Wir sp\u00fcren, wie uns alles schwer wird, wie die Lust etwas zu tun schwindet, die Kraft fehlt und wir erleben schmerzhaft die Frage nach dem Sinn.<\/p>\n<p>Woher kommt die M\u00fcdigkeit unserer Seele?<\/p>\n<p>In den meisten F\u00e4llen erkennen wir Erkrankungen als m\u00f6gliche Ursachen; so kennen wir verschiedene Ersch\u00f6pfungszust\u00e4nde, von der akuten Ersch\u00f6pfung \u00fcber die\u00a0 chronische Ersch\u00f6pfung, die Ersch\u00f6pfungsdepression bis zum Burnout-Syndrom. Aber nicht jede Ersch\u00f6pfung ist gleich; vielmehr reagieren wir mit Leib und Seele verschieden auf die unterschiedlichen Belastungen des Lebens.<\/p>\n<p>In dem Vortrag werden die Gemeinsamkeiten und Unterschiede von Ersch\u00f6pfung, Depression und Burnout sowie Pr\u00e4ventions- und Therapiem\u00f6glichkeiten vorgestellt.<\/p>\n<p>&nbsp;<\/p>\n<p>&nbsp;<\/p>\n<p>&nbsp;<\/p>\n<p>Freitag, 25. Juni 2021<br \/>20.00 Uhr<\/p>\n<p><strong>Medizinisch-Pharmazeutische Arbeitsgruppe f\u00fcr \u00c4rzte und Pharmazeuten<\/strong><\/p>\n<p>Arbeit an<br \/>Geisteswissenschaft und Medizin (GA312)<\/p>\n<p>Leitung: PD Dr. Bettina Pfannm\u00fcller<\/p>\n<p>N\u00e4heres siehe <a href=\"https:\/\/anthroposophie-bayreuth.de\/?page_id=489\">Medizinische Arbeitsgruppe <\/a><\/p>\n<p>&nbsp;<\/p>\n<p>&nbsp;<\/p>\n<p>Sonntag, 27. Juni 2021<br \/>17.00 Uhr<\/p>\n<p><strong>Hochschularbeit Bayreuth<br \/><\/strong><\/p>\n<p><strong>Lesung der Klassenstunden<\/strong><\/p>\n<p>&nbsp;<\/p>\n<p>&nbsp;<\/p>\n<p>&nbsp;<\/p>\n<hr \/>\n<h2 id=\"juli_2018\">\u00a0<\/h2>\n<p>&nbsp;<\/p>\n<h2>Juli<\/h2>\n<p>&nbsp;<\/p>\n<p>&nbsp;<\/p>\n<p>&nbsp;<\/p>\n<hr \/>\n<p>&nbsp;<\/p>\n<p>&nbsp;<\/p>\n<h2>Vorank\u00fcndigung September 2021:<\/h2>\n<p>&nbsp;<\/p>\n<h3>Michaeli-Tagung am 24.\/25. September 2021<\/h3>\n<p>&nbsp;<\/p>\n<p>Freitag, 24. September 14:00 \u201317:00 Uhr: <strong>Privatsprechstunde Dr. Goyert<\/strong><\/p>\n<p>Abendvortrag, 20:00 Uhr:\u00a0 <strong>Die Krebserkrankung, Krankheit und Aufforderung unserer Zeit<\/strong><\/p>\n<p>Samstag, 25. September: <strong>Tagung zum Thema Selbsterkenntnis<\/strong><\/p>\n<p>Referenten: Dr. Goyert, Christa Pfannm\u00fcller, Tamara Koch<\/p>\n<p>Ein detailliertes Programm folgt in K\u00fcrze.<\/p>\n<p>&nbsp;<\/p>\n<p>&nbsp;<\/p>\n<p>&nbsp;<\/p>\n<hr \/>\n<h2>\u00a0<\/h2>\n<h2><span style=\"color: #ffffff;\">September<\/span><\/h2>\n<p><a href=\"https:\/\/anthroposophie-bayreuth.de\/wp-content\/uploads\/2020\/11\/Titelseite_1_Halbjahr_2021.png\"><img loading=\"lazy\" decoding=\"async\" class=\"wp-image-1656 alignnone \" src=\"https:\/\/anthroposophie-bayreuth.de\/wp-content\/uploads\/2020\/11\/Titelseite_1_Halbjahr_2021.png\" alt=\"\" width=\"193\" height=\"273\" srcset=\"https:\/\/anthroposophie-bayreuth.de\/wp-content\/uploads\/2020\/11\/Titelseite_1_Halbjahr_2021.png 396w, https:\/\/anthroposophie-bayreuth.de\/wp-content\/uploads\/2020\/11\/Titelseite_1_Halbjahr_2021-212x300.png 212w\" sizes=\"(max-width: 193px) 100vw, 193px\" \/><\/a><\/p>\n<p><a href=\"https:\/\/anthroposophie-bayreuth.de\/wp-content\/uploads\/2020\/11\/Programm_Jan-Juli_2021.pdf\">Programm 1. Halbjahr 2021 PDF-Download<\/a><\/p>\n<p>&nbsp;<\/p>\n<p>[\/et_pb_text][\/et_pb_column][\/et_pb_row][\/et_pb_section]<\/p>\n","protected":false},"excerpt":{"rendered":"<p>Veranstaltungen im 1. Halbjahr 2021Ab einer Inzidenz unter 100 finden Veranstaltungen unter Beachtung der Corona-Regeln statt (Tragen einer FFP2-Maske, Einhaltung der Abstandsregeln und ggf. negativer Test). Ab einer Inzidenz \u00fcber 100 finden weder \u00f6ffentliche noch Mitgliederveranstaltungen statt. &nbsp; &nbsp; montags, 19.30 Uhr, Beginn: 11. Januar 2021 Mitgliederarbeit Ab 7. Juni 2021 wird die Mitgliederarbeit wieder [&hellip;]<\/p>\n","protected":false},"author":1,"featured_media":0,"parent":0,"menu_order":0,"comment_status":"closed","ping_status":"closed","template":"","meta":{"_et_pb_use_builder":"on","_et_pb_old_content":"","_et_gb_content_width":"","footnotes":""},"class_list":["post-1611","page","type-page","status-publish","hentry"],"yoast_head":"<!-- This site is optimized with the Yoast SEO plugin v26.6 - https:\/\/yoast.com\/wordpress\/plugins\/seo\/ -->\n<title>Januar \u2013 August 2021 - Anthroposophische Gesellschaft Bayreuth<\/title>\n<meta name=\"robots\" content=\"index, follow, max-snippet:-1, max-image-preview:large, max-video-preview:-1\" \/>\n<link rel=\"canonical\" href=\"https:\/\/anthroposophie-bayreuth.de\/?page_id=1611\" \/>\n<meta property=\"og:locale\" content=\"de_DE\" \/>\n<meta property=\"og:type\" content=\"article\" \/>\n<meta property=\"og:title\" content=\"Januar \u2013 August 2021 - Anthroposophische Gesellschaft Bayreuth\" \/>\n<meta property=\"og:description\" content=\"Veranstaltungen im 1. Halbjahr 2021Ab einer Inzidenz unter 100 finden Veranstaltungen unter Beachtung der Corona-Regeln statt (Tragen einer FFP2-Maske, Einhaltung der Abstandsregeln und ggf. negativer Test). Ab einer Inzidenz \u00fcber 100 finden weder \u00f6ffentliche noch Mitgliederveranstaltungen statt. &nbsp; &nbsp; montags, 19.30 Uhr, Beginn: 11. Januar 2021 Mitgliederarbeit Ab 7. Juni 2021 wird die Mitgliederarbeit wieder [&hellip;]\" \/>\n<meta property=\"og:url\" content=\"https:\/\/anthroposophie-bayreuth.de\/?page_id=1611\" \/>\n<meta property=\"og:site_name\" content=\"Anthroposophische Gesellschaft Bayreuth\" \/>\n<meta property=\"article:modified_time\" content=\"2021-07-27T07:07:01+00:00\" \/>\n<meta property=\"og:image\" content=\"https:\/\/anthroposophie-bayreuth.de\/wp-content\/uploads\/2020\/11\/Titelseite_1_Halbjahr_2021.png\" \/>\n<meta name=\"twitter:card\" content=\"summary_large_image\" \/>\n<meta name=\"twitter:label1\" content=\"Gesch\u00e4tzte Lesezeit\" \/>\n\t<meta name=\"twitter:data1\" content=\"8\u00a0Minuten\" \/>\n<script type=\"application\/ld+json\" class=\"yoast-schema-graph\">{\"@context\":\"https:\/\/schema.org\",\"@graph\":[{\"@type\":\"WebPage\",\"@id\":\"https:\/\/anthroposophie-bayreuth.de\/?page_id=1611\",\"url\":\"https:\/\/anthroposophie-bayreuth.de\/?page_id=1611\",\"name\":\"Januar \u2013 August 2021 - Anthroposophische Gesellschaft Bayreuth\",\"isPartOf\":{\"@id\":\"https:\/\/anthroposophie-bayreuth.de\/#website\"},\"primaryImageOfPage\":{\"@id\":\"https:\/\/anthroposophie-bayreuth.de\/?page_id=1611#primaryimage\"},\"image\":{\"@id\":\"https:\/\/anthroposophie-bayreuth.de\/?page_id=1611#primaryimage\"},\"thumbnailUrl\":\"https:\/\/anthroposophie-bayreuth.de\/wp-content\/uploads\/2020\/11\/Titelseite_1_Halbjahr_2021.png\",\"datePublished\":\"2020-11-08T11:08:24+00:00\",\"dateModified\":\"2021-07-27T07:07:01+00:00\",\"breadcrumb\":{\"@id\":\"https:\/\/anthroposophie-bayreuth.de\/?page_id=1611#breadcrumb\"},\"inLanguage\":\"de\",\"potentialAction\":[{\"@type\":\"ReadAction\",\"target\":[\"https:\/\/anthroposophie-bayreuth.de\/?page_id=1611\"]}]},{\"@type\":\"ImageObject\",\"inLanguage\":\"de\",\"@id\":\"https:\/\/anthroposophie-bayreuth.de\/?page_id=1611#primaryimage\",\"url\":\"https:\/\/anthroposophie-bayreuth.de\/wp-content\/uploads\/2020\/11\/Titelseite_1_Halbjahr_2021.png\",\"contentUrl\":\"https:\/\/anthroposophie-bayreuth.de\/wp-content\/uploads\/2020\/11\/Titelseite_1_Halbjahr_2021.png\"},{\"@type\":\"BreadcrumbList\",\"@id\":\"https:\/\/anthroposophie-bayreuth.de\/?page_id=1611#breadcrumb\",\"itemListElement\":[{\"@type\":\"ListItem\",\"position\":1,\"name\":\"Startseite\",\"item\":\"https:\/\/anthroposophie-bayreuth.de\/\"},{\"@type\":\"ListItem\",\"position\":2,\"name\":\"Januar \u2013 August 2021\"}]},{\"@type\":\"WebSite\",\"@id\":\"https:\/\/anthroposophie-bayreuth.de\/#website\",\"url\":\"https:\/\/anthroposophie-bayreuth.de\/\",\"name\":\"Anthroposophische Gesellschaft Bayreuth\",\"description\":\"Rudolf Steiner Haus\",\"potentialAction\":[{\"@type\":\"SearchAction\",\"target\":{\"@type\":\"EntryPoint\",\"urlTemplate\":\"https:\/\/anthroposophie-bayreuth.de\/?s={search_term_string}\"},\"query-input\":{\"@type\":\"PropertyValueSpecification\",\"valueRequired\":true,\"valueName\":\"search_term_string\"}}],\"inLanguage\":\"de\"}]}<\/script>\n<!-- \/ Yoast SEO plugin. -->","yoast_head_json":{"title":"Januar \u2013 August 2021 - Anthroposophische Gesellschaft Bayreuth","robots":{"index":"index","follow":"follow","max-snippet":"max-snippet:-1","max-image-preview":"max-image-preview:large","max-video-preview":"max-video-preview:-1"},"canonical":"https:\/\/anthroposophie-bayreuth.de\/?page_id=1611","og_locale":"de_DE","og_type":"article","og_title":"Januar \u2013 August 2021 - Anthroposophische Gesellschaft Bayreuth","og_description":"Veranstaltungen im 1. Halbjahr 2021Ab einer Inzidenz unter 100 finden Veranstaltungen unter Beachtung der Corona-Regeln statt (Tragen einer FFP2-Maske, Einhaltung der Abstandsregeln und ggf. negativer Test). Ab einer Inzidenz \u00fcber 100 finden weder \u00f6ffentliche noch Mitgliederveranstaltungen statt. &nbsp; &nbsp; montags, 19.30 Uhr, Beginn: 11. Januar 2021 Mitgliederarbeit Ab 7. Juni 2021 wird die Mitgliederarbeit wieder [&hellip;]","og_url":"https:\/\/anthroposophie-bayreuth.de\/?page_id=1611","og_site_name":"Anthroposophische Gesellschaft Bayreuth","article_modified_time":"2021-07-27T07:07:01+00:00","og_image":[{"url":"https:\/\/anthroposophie-bayreuth.de\/wp-content\/uploads\/2020\/11\/Titelseite_1_Halbjahr_2021.png","type":"","width":"","height":""}],"twitter_card":"summary_large_image","twitter_misc":{"Gesch\u00e4tzte Lesezeit":"8\u00a0Minuten"},"schema":{"@context":"https:\/\/schema.org","@graph":[{"@type":"WebPage","@id":"https:\/\/anthroposophie-bayreuth.de\/?page_id=1611","url":"https:\/\/anthroposophie-bayreuth.de\/?page_id=1611","name":"Januar \u2013 August 2021 - Anthroposophische Gesellschaft Bayreuth","isPartOf":{"@id":"https:\/\/anthroposophie-bayreuth.de\/#website"},"primaryImageOfPage":{"@id":"https:\/\/anthroposophie-bayreuth.de\/?page_id=1611#primaryimage"},"image":{"@id":"https:\/\/anthroposophie-bayreuth.de\/?page_id=1611#primaryimage"},"thumbnailUrl":"https:\/\/anthroposophie-bayreuth.de\/wp-content\/uploads\/2020\/11\/Titelseite_1_Halbjahr_2021.png","datePublished":"2020-11-08T11:08:24+00:00","dateModified":"2021-07-27T07:07:01+00:00","breadcrumb":{"@id":"https:\/\/anthroposophie-bayreuth.de\/?page_id=1611#breadcrumb"},"inLanguage":"de","potentialAction":[{"@type":"ReadAction","target":["https:\/\/anthroposophie-bayreuth.de\/?page_id=1611"]}]},{"@type":"ImageObject","inLanguage":"de","@id":"https:\/\/anthroposophie-bayreuth.de\/?page_id=1611#primaryimage","url":"https:\/\/anthroposophie-bayreuth.de\/wp-content\/uploads\/2020\/11\/Titelseite_1_Halbjahr_2021.png","contentUrl":"https:\/\/anthroposophie-bayreuth.de\/wp-content\/uploads\/2020\/11\/Titelseite_1_Halbjahr_2021.png"},{"@type":"BreadcrumbList","@id":"https:\/\/anthroposophie-bayreuth.de\/?page_id=1611#breadcrumb","itemListElement":[{"@type":"ListItem","position":1,"name":"Startseite","item":"https:\/\/anthroposophie-bayreuth.de\/"},{"@type":"ListItem","position":2,"name":"Januar \u2013 August 2021"}]},{"@type":"WebSite","@id":"https:\/\/anthroposophie-bayreuth.de\/#website","url":"https:\/\/anthroposophie-bayreuth.de\/","name":"Anthroposophische Gesellschaft Bayreuth","description":"Rudolf Steiner Haus","potentialAction":[{"@type":"SearchAction","target":{"@type":"EntryPoint","urlTemplate":"https:\/\/anthroposophie-bayreuth.de\/?s={search_term_string}"},"query-input":{"@type":"PropertyValueSpecification","valueRequired":true,"valueName":"search_term_string"}}],"inLanguage":"de"}]}},"_links":{"self":[{"href":"https:\/\/anthroposophie-bayreuth.de\/index.php?rest_route=\/wp\/v2\/pages\/1611","targetHints":{"allow":["GET"]}}],"collection":[{"href":"https:\/\/anthroposophie-bayreuth.de\/index.php?rest_route=\/wp\/v2\/pages"}],"about":[{"href":"https:\/\/anthroposophie-bayreuth.de\/index.php?rest_route=\/wp\/v2\/types\/page"}],"author":[{"embeddable":true,"href":"https:\/\/anthroposophie-bayreuth.de\/index.php?rest_route=\/wp\/v2\/users\/1"}],"replies":[{"embeddable":true,"href":"https:\/\/anthroposophie-bayreuth.de\/index.php?rest_route=%2Fwp%2Fv2%2Fcomments&post=1611"}],"version-history":[{"count":67,"href":"https:\/\/anthroposophie-bayreuth.de\/index.php?rest_route=\/wp\/v2\/pages\/1611\/revisions"}],"predecessor-version":[{"id":1948,"href":"https:\/\/anthroposophie-bayreuth.de\/index.php?rest_route=\/wp\/v2\/pages\/1611\/revisions\/1948"}],"wp:attachment":[{"href":"https:\/\/anthroposophie-bayreuth.de\/index.php?rest_route=%2Fwp%2Fv2%2Fmedia&parent=1611"}],"curies":[{"name":"wp","href":"https:\/\/api.w.org\/{rel}","templated":true}]}}